{"id":33,"date":"2020-03-30T11:35:51","date_gmt":"2020-03-30T11:35:51","guid":{"rendered":"https:\/\/prasannaoommen.de\/?page_id=33"},"modified":"2025-12-09T15:59:50","modified_gmt":"2025-12-09T15:59:50","slug":"moderation","status":"publish","type":"page","link":"https:\/\/prasannaoommen.de\/en\/moderation","title":{"rendered":"Hosting takes conversations to the next level."},"content":{"rendered":"<p class=\"translation-block\">Hosting an event can mean a lot more than simply asking clever questions for a few hours and keeping the audience entertained. <a href=\"https:\/\/prasannaoommen.de\/en\/category\/moderation\/\" target=\"_self\" rel=\"noreferrer noopener\">Hosting<\/a> always offers an opportunity to advance the political practice of listening. And to drive forward structural change processes and long overdue measures.\nFor us, hosting therefore means actively joining the conversation - not only providing actors with the best possible platform on which to raise their issues, but also adding to the value of content.<\/p>\n\n\n\n        <div class=\"rmwr-wrapper\" \n             data-id=\"rmwr-69f582572cd45\"\n             data-mode=\"normal\"\n             data-animation=\"fade\"\n             data-duration=\"300\"\n             data-smooth-scroll=\"true\"\n             data-scroll-offset=\"0\">\n            <button \n                type=\"button\"\n                class=\"read-link\" \n                id=\"readlinkrmwr-69f582572cd45\"\n                data-open-text=\"Weiterlesen\"\n                data-close-text=\"Weniger anzeigen\"\n                aria-expanded=\"false\"\n                aria-controls=\"readrmwr-69f582572cd45\"\n                aria-label=\"Read more\"\n            >\n                <span class=\"rmwr-text\">Read more<\/span>\n            <\/button>\n            <div \n                class=\"read_div\" \n                id=\"readrmwr-69f582572cd45\"\n                aria-hidden=\"true\"\n                data-animation=\"fade\"\n                data-duration=\"300\"\n                style=\"display: none;\"\n            >\n                <\/p>\n\n\n\n<p>We believe that a thorough personal briefing and preliminary discussions with the participants are an integral part of any hosting assignment. Our team uses this as the basis for researching the background issues and attempts to find new ways of looking at the topics. Hosting means taking responsibility: for the overall content of a cultural or educational event; for creating an atmosphere in which participants feel welcome and at ease; and for enabling a rational socio-political debate.<\/p>\n\n\n\n<p>            <\/div>\n        <\/div>\n        \n\n\n\n<hr class=\"wp-block-separator has-css-opacity is-style-wide\"\/>\n\n\n\n<p><strong>Chairing panel discussions (German and English)<\/strong><\/p>\n\n\n\n<p>A lively debate with a diverse group of discussion participants? An expert panel? Or a highly focused one-on-one conversation? No matter what the setting, our priority is always to guide the discussion in a respectful and targeted manner.<\/p>\n\n\n\n<figure class=\"wp-block-image size-large\"><img fetchpriority=\"high\" decoding=\"async\" width=\"1024\" height=\"768\" src=\"https:\/\/prasannaoommen.de\/wp-content\/uploads\/2023\/11\/artcologne-prasanna-oommen-1-1024x768.jpg\" alt=\"Prasanna Oommen moderiert einen Talk auf der ART COLOGNE 2023\" class=\"wp-image-2877\" srcset=\"https:\/\/prasannaoommen.de\/wp-content\/uploads\/2023\/11\/artcologne-prasanna-oommen-1-1024x768.jpg 1024w, https:\/\/prasannaoommen.de\/wp-content\/uploads\/2023\/11\/artcologne-prasanna-oommen-1-300x225.jpg 300w, https:\/\/prasannaoommen.de\/wp-content\/uploads\/2023\/11\/artcologne-prasanna-oommen-1-768x576.jpg 768w, https:\/\/prasannaoommen.de\/wp-content\/uploads\/2023\/11\/artcologne-prasanna-oommen-1-1536x1152.jpg 1536w, https:\/\/prasannaoommen.de\/wp-content\/uploads\/2023\/11\/artcologne-prasanna-oommen-1-16x12.jpg 16w, https:\/\/prasannaoommen.de\/wp-content\/uploads\/2023\/11\/artcologne-prasanna-oommen-1.jpg 1874w\" sizes=\"(max-width: 1024px) 100vw, 1024px\" \/><figcaption class=\"wp-element-caption\">ART COLOGNE Talk 2023 mit (v.l.n.r.) Prasanna Oommen, Min-young Jeon, Dr. Anne Vieth, und Mischa Kuball<\/figcaption><\/figure>\n\n\n\n<hr class=\"wp-block-separator has-css-opacity is-style-wide\"\/>\n\n\n\n<p><strong>Hosting events (German and English)<\/strong><\/p>\n\n\n\n<p>We expertly guide your guests through the programme \u2013 be it an evening of celebration or a digital conference. With charisma, a solid grasp of the subject matter and humour, we communicate your topics as if they were our own.<\/p>\n\n\n\n<figure class=\"wp-block-image size-large\"><img decoding=\"async\" width=\"1024\" height=\"642\" src=\"https:\/\/prasannaoommen.de\/wp-content\/uploads\/2023\/05\/moderation-teilzeitsymposium_oommen-mo\u0308tting-1024x642.jpg\" alt=\"Prasanna Oommen spricht beim Teilzeit-Symposium mit Bettina M\u00f6tting\" class=\"wp-image-2546\" srcset=\"https:\/\/prasannaoommen.de\/wp-content\/uploads\/2023\/05\/moderation-teilzeitsymposium_oommen-mo\u0308tting-1024x642.jpg 1024w, https:\/\/prasannaoommen.de\/wp-content\/uploads\/2023\/05\/moderation-teilzeitsymposium_oommen-mo\u0308tting-300x188.jpg 300w, https:\/\/prasannaoommen.de\/wp-content\/uploads\/2023\/05\/moderation-teilzeitsymposium_oommen-mo\u0308tting-768x481.jpg 768w, https:\/\/prasannaoommen.de\/wp-content\/uploads\/2023\/05\/moderation-teilzeitsymposium_oommen-mo\u0308tting-1536x963.jpg 1536w, https:\/\/prasannaoommen.de\/wp-content\/uploads\/2023\/05\/moderation-teilzeitsymposium_oommen-mo\u0308tting-2048x1283.jpg 2048w, https:\/\/prasannaoommen.de\/wp-content\/uploads\/2023\/05\/moderation-teilzeitsymposium_oommen-mo\u0308tting-18x12.jpg 18w\" sizes=\"(max-width: 1024px) 100vw, 1024px\" \/><figcaption class=\"wp-element-caption\">Prasanna Oommen und Gleichstellungsbeauftragte der Stadt K\u00f6ln Bettina M\u00f6tting (r.) beim Teilzeit-Symposiums der Stadt K\u00f6ln (2023). Foto: \u00a9 Competentia Region K\u00f6ln\/ Monika Nonnenmacher<\/figcaption><\/figure>\n\n\n\n<hr class=\"wp-block-separator has-css-opacity is-style-wide\"\/>\n\n\n\n<p><strong>Voice-over (German and English)<br><\/strong>A powerful voice or personality for your image or documentary film, podcast or audio drama.<\/p>\n\n\n\n<h2 class=\"wp-block-heading\">Einblicke in vergangene Moderationen:<\/h2>\n\n\n<div class=\"psacp-wrap psacp-slider-wrap-main\">\r\n\t<div id=\"psacp-post-slider-wrap-1\" class=\"psacp-post-slider-wrap owl-carousel psacp-design-1 psacp-layout-3609 psacp-clearfix\" data-conf=\"{&quot;loop&quot;:true,&quot;arrows&quot;:true,&quot;dots&quot;:true,&quot;autoplay&quot;:true,&quot;autoplay_interval&quot;:4994,&quot;speed&quot;:500,&quot;rtl&quot;:false}\"><div class=\"psacp-post-slide psacp-post-3751 psacp-post-standard psacp-has-thumb\">\r\n\t<div class=\"psacp-post-slider-content\">\r\n\t\t<a class=\"psacp-post-linkoverlay\" href=\"https:\/\/prasannaoommen.de\/en\/auftaktveranstaltung-des-prisma-programms-kulturstiftung-der-laender\"><\/a>\r\n\t\t<div class=\"psacp-post-img-bg\" style=\"background-image:url(https:\/\/prasannaoommen.de\/wp-content\/uploads\/2026\/03\/Oommen_02-1024x683.jpg); \">\r\n\t\t\t<div class=\"psacp-featured-meta\">\r\n\t\t\t\t\t\t\t\r\n\t\t\t\t<h2 class=\"psacp-post-title\">\r\n\t\t\t\t\t<a href=\"https:\/\/prasannaoommen.de\/en\/auftaktveranstaltung-des-prisma-programms-kulturstiftung-der-laender\">Auftaktveranstaltung PRISMA-Programm (Kulturstiftung der L\u00e4nder)<\/a>\r\n\t\t\t\t<\/h2>\r\n\r\n\t\t\t\t\t\t\t\t<div class=\"psacp-post-meta psacp-post-meta-up\">\r\n\t\t\t\t\t<span class=\"psacp-post-meta-data psacp-post-date\"><i class=\"fa fa-clock-o\"><\/i>April 6, 2026<\/span>\t\t\t\t<\/div>\r\n\t\t\t\t\t\t\t\t<div class=\"psacp-post-content\">\r\n\t\t\t\t\t<div class=\"psacp-post-desc\">Wie k\u00f6nnen Museen so gestaltet werden, dass sich m\u00f6glichst viele Menschen angesprochen, repr\u00e4sentiert und willkommen f\u00fchlen?<\/div>\r\n\t\t\t\t\t\t\t\t\t<\/div>\r\n\t\t\t\t\t\t\t<\/div>\r\n\t\t<\/div>\r\n\t<\/div>\r\n<\/div><div class=\"psacp-post-slide psacp-post-3757 psacp-post-standard psacp-has-thumb\">\r\n\t<div class=\"psacp-post-slider-content\">\r\n\t\t<a class=\"psacp-post-linkoverlay\" href=\"https:\/\/prasannaoommen.de\/en\/talk-connect-international-dance-dialogue-en\"><\/a>\r\n\t\t<div class=\"psacp-post-img-bg\" style=\"background-image:url(https:\/\/prasannaoommen.de\/wp-content\/uploads\/2026\/03\/IMG_6186-896x1024.jpg); \">\r\n\t\t\t<div class=\"psacp-featured-meta\">\r\n\t\t\t\t\t\t\t\r\n\t\t\t\t<h2 class=\"psacp-post-title\">\r\n\t\t\t\t\t<a href=\"https:\/\/prasannaoommen.de\/en\/talk-connect-international-dance-dialogue-en\">Talk &amp; Connect \u2013 International Dance Dialogue (EN)<\/a>\r\n\t\t\t\t<\/h2>\r\n\r\n\t\t\t\t\t\t\t\t<div class=\"psacp-post-meta psacp-post-meta-up\">\r\n\t\t\t\t\t<span class=\"psacp-post-meta-data psacp-post-date\"><i class=\"fa fa-clock-o\"><\/i>March 25, 2026<\/span>\t\t\t\t<\/div>\r\n\t\t\t\t\t\t\t\t<div class=\"psacp-post-content\">\r\n\t\t\t\t\t<div class=\"psacp-post-desc\">Eine digitale Veranstaltungsreihe des nrw landesbuero tanz, die internationale Perspektiven, Austausch und Zusammenarbeit im zeitgen\u00f6ssischen Tanz in den Mittelpunkt stellt.<\/div>\r\n\t\t\t\t\t\t\t\t\t<\/div>\r\n\t\t\t\t\t\t\t<\/div>\r\n\t\t<\/div>\r\n\t<\/div>\r\n<\/div><div class=\"psacp-post-slide psacp-post-3742 psacp-post-standard psacp-has-thumb\">\r\n\t<div class=\"psacp-post-slider-content\">\r\n\t\t<a class=\"psacp-post-linkoverlay\" href=\"https:\/\/prasannaoommen.de\/en\/austauschforum-zum-startchancen-programm-des-bmbfsfj\"><\/a>\r\n\t\t<div class=\"psacp-post-img-bg\" style=\"background-image:url(https:\/\/prasannaoommen.de\/wp-content\/uploads\/2026\/01\/PHOTO-2026-03-18-11-24-43-7-768x1024.jpg); \">\r\n\t\t\t<div class=\"psacp-featured-meta\">\r\n\t\t\t\t\t\t\t\r\n\t\t\t\t<h2 class=\"psacp-post-title\">\r\n\t\t\t\t\t<a href=\"https:\/\/prasannaoommen.de\/en\/austauschforum-zum-startchancen-programm-des-bmbfsfj\">Austauschforum zum Startchancen-Programm des BMBFSFJ<\/a>\r\n\t\t\t\t<\/h2>\r\n\r\n\t\t\t\t\t\t\t\t<div class=\"psacp-post-meta psacp-post-meta-up\">\r\n\t\t\t\t\t<span class=\"psacp-post-meta-data psacp-post-date\"><i class=\"fa fa-clock-o\"><\/i>January 20, 2026<\/span>\t\t\t\t<\/div>\r\n\t\t\t\t\t\t\t\t<div class=\"psacp-post-content\">\r\n\t\t\t\t\t<div class=\"psacp-post-desc\">Leitfrage des Tages: &quot;Wie gelingt erfolgreiche Zusammenarbeit vor Ort?&quot;<\/div>\r\n\t\t\t\t\t\t\t\t\t<\/div>\r\n\t\t\t\t\t\t\t<\/div>\r\n\t\t<\/div>\r\n\t<\/div>\r\n<\/div><div class=\"psacp-post-slide psacp-post-3630 psacp-post-standard psacp-has-thumb\">\r\n\t<div class=\"psacp-post-slider-content\">\r\n\t\t<a class=\"psacp-post-linkoverlay\" href=\"https:\/\/prasannaoommen.de\/en\/14-westfaelische-kulturkonferenz\"><\/a>\r\n\t\t<div class=\"psacp-post-img-bg\" style=\"background-image:url(https:\/\/prasannaoommen.de\/wp-content\/uploads\/2026\/01\/Kuko2025_413_9021-klein-1-1024x683.jpeg); \">\r\n\t\t\t<div class=\"psacp-featured-meta\">\r\n\t\t\t\t\t\t\t\r\n\t\t\t\t<h2 class=\"psacp-post-title\">\r\n\t\t\t\t\t<a href=\"https:\/\/prasannaoommen.de\/en\/14-westfaelische-kulturkonferenz\">14. Westf\u00e4lische Kulturkonferenz<\/a>\r\n\t\t\t\t<\/h2>\r\n\r\n\t\t\t\t\t\t\t\t<div class=\"psacp-post-meta psacp-post-meta-up\">\r\n\t\t\t\t\t<span class=\"psacp-post-meta-data psacp-post-date\"><i class=\"fa fa-clock-o\"><\/i>December 5, 2025<\/span>\t\t\t\t<\/div>\r\n\t\t\t\t\t\t\t\t<div class=\"psacp-post-content\">\r\n\t\t\t\t\t<div class=\"psacp-post-desc\">Unter dem Motto \u201eVerstehen \u2013 Ausprobieren \u2013 Reflektieren\u201c haben die Teilnehmenden M\u00f6glichkeiten und Grenzen generativer KI f\u00fcr die Kulturarbeit er\u00f6rtert...<\/div>\r\n\t\t\t\t\t\t\t\t\t<\/div>\r\n\t\t\t\t\t\t\t<\/div>\r\n\t\t<\/div>\r\n\t<\/div>\r\n<\/div><div class=\"psacp-post-slide psacp-post-3585 psacp-post-standard psacp-has-thumb\">\r\n\t<div class=\"psacp-post-slider-content\">\r\n\t\t<a class=\"psacp-post-linkoverlay\" href=\"https:\/\/prasannaoommen.de\/en\/bundesweite-bgz-vernetzungsveranstaltung-gesellschaftlicher-zusammenhalt\"><\/a>\r\n\t\t<div class=\"psacp-post-img-bg\" style=\"background-image:url(https:\/\/prasannaoommen.de\/wp-content\/uploads\/2025\/12\/BAMF-1024x768.jpg); \">\r\n\t\t\t<div class=\"psacp-featured-meta\">\r\n\t\t\t\t\t\t\t\r\n\t\t\t\t<h2 class=\"psacp-post-title\">\r\n\t\t\t\t\t<a href=\"https:\/\/prasannaoommen.de\/en\/bundesweite-bgz-vernetzungsveranstaltung-gesellschaftlicher-zusammenhalt\">Bundesweite BGZ-Vernetzungs-veranstaltung<\/a>\r\n\t\t\t\t<\/h2>\r\n\r\n\t\t\t\t\t\t\t\t<div class=\"psacp-post-meta psacp-post-meta-up\">\r\n\t\t\t\t\t<span class=\"psacp-post-meta-data psacp-post-date\"><i class=\"fa fa-clock-o\"><\/i>November 17, 2025<\/span>\t\t\t\t<\/div>\r\n\t\t\t\t\t\t\t\t<div class=\"psacp-post-content\">\r\n\t\t\t\t\t<div class=\"psacp-post-desc\">Bereits zum zweiten Mal hat Prasanna Oommen die Vernetzungsveranstaltung im Rahmen des Bundesprogramms &quot;Gesellschaftlicher Zusammenhalt &quot; moderiert.<\/div>\r\n\t\t\t\t\t\t\t\t\t<\/div>\r\n\t\t\t\t\t\t\t<\/div>\r\n\t\t<\/div>\r\n\t<\/div>\r\n<\/div><div class=\"psacp-post-slide psacp-post-3573 psacp-post-standard psacp-has-thumb\">\r\n\t<div class=\"psacp-post-slider-content\">\r\n\t\t<a class=\"psacp-post-linkoverlay\" href=\"https:\/\/prasannaoommen.de\/en\/konferenz-interkulturelles-koeln-kik\"><\/a>\r\n\t\t<div class=\"psacp-post-img-bg\" style=\"background-image:url(https:\/\/prasannaoommen.de\/wp-content\/uploads\/2025\/12\/2025-11-12-ConstantinEhrchen-KIK-75-1024x682.jpg); \">\r\n\t\t\t<div class=\"psacp-featured-meta\">\r\n\t\t\t\t\t\t\t\r\n\t\t\t\t<h2 class=\"psacp-post-title\">\r\n\t\t\t\t\t<a href=\"https:\/\/prasannaoommen.de\/en\/konferenz-interkulturelles-koeln-kik\">Konferenz Interkulturelles K\u00f6ln (KIK)<\/a>\r\n\t\t\t\t<\/h2>\r\n\r\n\t\t\t\t\t\t\t\t<div class=\"psacp-post-meta psacp-post-meta-up\">\r\n\t\t\t\t\t<span class=\"psacp-post-meta-data psacp-post-date\"><i class=\"fa fa-clock-o\"><\/i>November 12, 2025<\/span>\t\t\t\t<\/div>\r\n\t\t\t\t\t\t\t\t<div class=\"psacp-post-content\">\r\n\t\t\t\t\t<div class=\"psacp-post-desc\">Mit Workshopphasen zu den Handlungsfeldern Gesundheit, Bildung, Wohnen und Arbeit und einem Impuls von Tu\u011fba Tekkal.<\/div>\r\n\t\t\t\t\t\t\t\t\t<\/div>\r\n\t\t\t\t\t\t\t<\/div>\r\n\t\t<\/div>\r\n\t<\/div>\r\n<\/div><div class=\"psacp-post-slide psacp-post-3617 psacp-post-standard psacp-has-thumb\">\r\n\t<div class=\"psacp-post-slider-content\">\r\n\t\t<a class=\"psacp-post-linkoverlay\" href=\"https:\/\/prasannaoommen.de\/en\/nicd-conference-2025-giz\"><\/a>\r\n\t\t<div class=\"psacp-post-img-bg\" style=\"background-image:url(https:\/\/prasannaoommen.de\/wp-content\/uploads\/2025\/12\/NICD_PO-1024x768.jpeg); \">\r\n\t\t\t<div class=\"psacp-featured-meta\">\r\n\t\t\t\t\t\t\t\r\n\t\t\t\t<h2 class=\"psacp-post-title\">\r\n\t\t\t\t\t<a href=\"https:\/\/prasannaoommen.de\/en\/nicd-conference-2025-giz\">NICD Conference 2025 (GIZ)<\/a>\r\n\t\t\t\t<\/h2>\r\n\r\n\t\t\t\t\t\t\t\t<div class=\"psacp-post-meta psacp-post-meta-up\">\r\n\t\t\t\t\t<span class=\"psacp-post-meta-data psacp-post-date\"><i class=\"fa fa-clock-o\"><\/i>November 4, 2025<\/span>\t\t\t\t<\/div>\r\n\t\t\t\t\t\t\t\t<div class=\"psacp-post-content\">\r\n\t\t\t\t\t<div class=\"psacp-post-desc\">Englischsprachige Co-Moderation \u201eBeyond the Tipping Points \u2013 Planetary Boundaries and Social Tipping Points\u201c<\/div>\r\n\t\t\t\t\t\t\t\t\t<\/div>\r\n\t\t\t\t\t\t\t<\/div>\r\n\t\t<\/div>\r\n\t<\/div>\r\n<\/div><div class=\"psacp-post-slide psacp-post-3582 psacp-post-standard psacp-has-thumb\">\r\n\t<div class=\"psacp-post-slider-content\">\r\n\t\t<a class=\"psacp-post-linkoverlay\" href=\"https:\/\/prasannaoommen.de\/en\/podiumsdiskussion-ans-licht-gebracht-im-rautenstrauch-joest-museum\"><\/a>\r\n\t\t<div class=\"psacp-post-img-bg\" style=\"background-image:url(https:\/\/prasannaoommen.de\/wp-content\/uploads\/2025\/12\/IMG_3481-1024x473.png); \">\r\n\t\t\t<div class=\"psacp-featured-meta\">\r\n\t\t\t\t\t\t\t\r\n\t\t\t\t<h2 class=\"psacp-post-title\">\r\n\t\t\t\t\t<a href=\"https:\/\/prasannaoommen.de\/en\/podiumsdiskussion-ans-licht-gebracht-im-rautenstrauch-joest-museum\">Podiumsdiskussion \u201eAns Licht gebracht&#8220; im Rautenstrauch-Joest-Museum<\/a>\r\n\t\t\t\t<\/h2>\r\n\r\n\t\t\t\t\t\t\t\t<div class=\"psacp-post-meta psacp-post-meta-up\">\r\n\t\t\t\t\t<span class=\"psacp-post-meta-data psacp-post-date\"><i class=\"fa fa-clock-o\"><\/i>October 23, 2025<\/span>\t\t\t\t<\/div>\r\n\t\t\t\t\t\t\t\t<div class=\"psacp-post-content\">\r\n\t\t\t\t\t<div class=\"psacp-post-desc\">Im Rahmen einer Podiumsdiskussion hat Prasanna Oommen mit ihren G\u00e4st*innen Fragen und Anforderungen rund um den Umgang mit Missionssammlungen diskutiert.<\/div>\r\n\t\t\t\t\t\t\t\t\t<\/div>\r\n\t\t\t\t\t\t\t<\/div>\r\n\t\t<\/div>\r\n\t<\/div>\r\n<\/div><div class=\"psacp-post-slide psacp-post-3568 psacp-post-standard psacp-has-thumb\">\r\n\t<div class=\"psacp-post-slider-content\">\r\n\t\t<a class=\"psacp-post-linkoverlay\" href=\"https:\/\/prasannaoommen.de\/en\/podiumsdiskussion-living-income-in-cocoa-coffee-supply-chains-from-global-strategies-to-retail-practice\"><\/a>\r\n\t\t<div class=\"psacp-post-img-bg\" style=\"background-image:url(https:\/\/prasannaoommen.de\/wp-content\/uploads\/2025\/12\/1_Forum-Nachhaltiger-Kakao_-PR-Fotografie-Koehring_-1024x688.jpg); \">\r\n\t\t\t<div class=\"psacp-featured-meta\">\r\n\t\t\t\t\t\t\t\r\n\t\t\t\t<h2 class=\"psacp-post-title\">\r\n\t\t\t\t\t<a href=\"https:\/\/prasannaoommen.de\/en\/podiumsdiskussion-living-income-in-cocoa-coffee-supply-chains-from-global-strategies-to-retail-practice\">Podiumsdiskussion &#8222;Living Income in Cocoa &amp; Coffee Supply Chains &#8211; From Global Strategies to Retail Practice&#8220;<\/a>\r\n\t\t\t\t<\/h2>\r\n\r\n\t\t\t\t\t\t\t\t<div class=\"psacp-post-meta psacp-post-meta-up\">\r\n\t\t\t\t\t<span class=\"psacp-post-meta-data psacp-post-date\"><i class=\"fa fa-clock-o\"><\/i>October 6, 2025<\/span>\t\t\t\t<\/div>\r\n\t\t\t\t\t\t\t\t<div class=\"psacp-post-content\">\r\n\t\t\t\t\t<div class=\"psacp-post-desc\">Unter der Moderation von Prasanna Oommen hat das englischsprachige Panel zentrale Strategien, internationale Ans\u00e4tze und praxisnahe L\u00f6sungen f\u00fcr Living Income...<\/div>\r\n\t\t\t\t\t\t\t\t\t<\/div>\r\n\t\t\t\t\t\t\t<\/div>\r\n\t\t<\/div>\r\n\t<\/div>\r\n<\/div><div class=\"psacp-post-slide psacp-post-2495 psacp-post-standard psacp-has-thumb\">\r\n\t<div class=\"psacp-post-slider-content\">\r\n\t\t<a class=\"psacp-post-linkoverlay\" href=\"https:\/\/prasannaoommen.de\/en\/moderation-der-feministischen-presserunde\"><\/a>\r\n\t\t<div class=\"psacp-post-img-bg\" style=\"background-image:url(https:\/\/prasannaoommen.de\/wp-content\/uploads\/2025\/09\/2025_09_12_SCHIRN_Feministische_Presserunde_by_TetyanaLux-46-683x1024.jpg); \">\r\n\t\t\t<div class=\"psacp-featured-meta\">\r\n\t\t\t\t\t\t\t\r\n\t\t\t\t<h2 class=\"psacp-post-title\">\r\n\t\t\t\t\t<a href=\"https:\/\/prasannaoommen.de\/en\/moderation-der-feministischen-presserunde\">The feminist press round<\/a>\r\n\t\t\t\t<\/h2>\r\n\r\n\t\t\t\t\t\t\t\t<div class=\"psacp-post-meta psacp-post-meta-up\">\r\n\t\t\t\t\t<span class=\"psacp-post-meta-data psacp-post-date\"><i class=\"fa fa-clock-o\"><\/i>September 15, 2025<\/span>\t\t\t\t<\/div>\r\n\t\t\t\t\t\t\t\t<div class=\"psacp-post-content\">\r\n\t\t\t\t\t<div class=\"psacp-post-desc\">Along with Mithu Sanyal, Teresa B\u00fccker and Ulrike Herrmann, Prasanna Oommen takes a fresh feminist look at current issues.<\/div>\r\n\t\t\t\t\t\t\t\t\t<\/div>\r\n\t\t\t\t\t\t\t<\/div>\r\n\t\t<\/div>\r\n\t<\/div>\r\n<\/div>\t<\/div>\r\n<\/div>\n\n\n\n<hr class=\"wp-block-separator has-css-opacity is-style-wide\"\/>\n\n\n\n<p><strong>References Hosting<\/strong><\/p>\n\n\n<div class='yrm-content yrm-content-1 yrm-content-hide' id='yrm-ohzkV' data-id='1' data-show-status='false' data-after-action='' style=\"visibility: hidden;height: 0;\">\n\t\t\t<div id='yrm-inner-content-yrm-ohzkV' class='yrm-inner-content-wrapper yrm-cntent-1'><strong>Akademie der K\u00fcnste der Welt<\/strong><br \/>\nK\u00f6ln Kosmopolitisch \u2013 How to reinvent our culture with author Militiadis Oulios, 2018<br \/>\nLanguage: german<br \/>\nLocation: Greven Verlag, Cologne<br \/>\n<img decoding=\"async\" src=\"https:\/\/prasannaoommen.de\/wp-content\/uploads\/2021\/01\/logo_49893.gif\"><br \/>\n<\/div>\n\t\t<\/div><div class='yrm-btn-wrapper yrm-btn-wrapper-1 yrm-more-button-wrapper'\n\t\tdata-custom-more-class-name='' data-custom-less-class-name=''><span title='' data-less-title='' data-more-title='' class='yrm-toggle-expand  yrm-toggle-expand-1' data-rel='yrm-ohzkV' data-more='Akademie der K\u00fcnste der Welt' data-less='Weniger anzeigen'><span class='yrm-text-wrapper yrm-text-wrapper-custom-dimensions'><span class=\"yrm-button-text-1 yrm-button-text-span\">Akademie der K\u00fcnste der Welt<\/span><\/span><\/span><\/div>\n\n\n<div class='yrm-content yrm-content-1 yrm-content-hide' id='yrm-BArxU' data-id='1' data-show-status='false' data-after-action='' style=\"visibility: hidden;height: 0;\">\n\t\t\t<div id='yrm-inner-content-yrm-BArxU' class='yrm-inner-content-wrapper yrm-cntent-1'><strong>Akademie Schloss Solitude<\/strong><br \/>\nAbschlussveranstaltung &#8222;Roaming Moments&#8220;, 2022<br \/>\nLanguage: german<br \/>\nOrt: Schloss Solitude, Stuttgart<br \/>\n<img decoding=\"async\" src=\"https:\/\/prasannaoommen.de\/wp-content\/uploads\/2023\/02\/logo-akademie-schloss-solitude-logo.png\"><br \/>\n<\/div>\n\t\t<\/div><div class='yrm-btn-wrapper yrm-btn-wrapper-1 yrm-more-button-wrapper'\n\t\tdata-custom-more-class-name='' data-custom-less-class-name=''><span title='' data-less-title='' data-more-title='' class='yrm-toggle-expand  yrm-toggle-expand-1' data-rel='yrm-BArxU' data-more='Akademie Schloss Solitude' data-less='Weniger anzeigen'><span class='yrm-text-wrapper yrm-text-wrapper-custom-dimensions'><span class=\"yrm-button-text-1 yrm-button-text-span\">Akademie Schloss Solitude<\/span><\/span><\/span><\/div>\n\n\n<div class='yrm-content yrm-content-1 yrm-content-hide' id='yrm-M5Crz' data-id='1' data-show-status='false' data-after-action='' style=\"visibility: hidden;height: 0;\">\n\t\t\t<div id='yrm-inner-content-yrm-M5Crz' class='yrm-inner-content-wrapper yrm-cntent-1'><strong>And She Was Like: B\u00c4M!<\/strong><br \/>\nPanel discussion as part of the B\u00c4M! regulars' table, in cooperation with the Frauenkulturb\u00fcro NRW (Women's Cultural Office NRW), 2018<br \/>\nLanguage: german<br \/>\nLocation: M\u00fclheimer Freiheit 126, Cologne<br \/>\n<img decoding=\"async\" src=\"https:\/\/prasannaoommen.de\/wp-content\/uploads\/2021\/01\/Unknown-2.png\"><br \/>\n<\/div>\n\t\t<\/div><div class='yrm-btn-wrapper yrm-btn-wrapper-1 yrm-more-button-wrapper'\n\t\tdata-custom-more-class-name='' data-custom-less-class-name=''><span title='' data-less-title='' data-more-title='' class='yrm-toggle-expand  yrm-toggle-expand-1' data-rel='yrm-M5Crz' data-more='And She Was Like: B\u00c4M!' data-less='Weniger anzeigen'><span class='yrm-text-wrapper yrm-text-wrapper-custom-dimensions'><span class=\"yrm-button-text-1 yrm-button-text-span\">And She Was Like: B\u00c4M!<\/span><\/span><\/span><\/div>\n\n\n<div class='yrm-content yrm-content-1 yrm-content-hide' id='yrm-rW0BG' data-id='1' data-show-status='false' data-after-action='' style=\"visibility: hidden;height: 0;\">\n\t\t\t<div id='yrm-inner-content-yrm-rW0BG' class='yrm-inner-content-wrapper yrm-cntent-1'><strong>Arbeitsstab der Beauftragten der Bundesregierung f\u00fcr Migration, Fl\u00fcchtlinge und Integration<\/strong><br \/>\n\"Success Factor Diversity - Added Value for the Public Sector\", 2019<br \/>\nLanguage: german<br \/>\nLocation: Tagungswerk Berlin<br \/>\n<\/div>\n\t\t<\/div><div class='yrm-btn-wrapper yrm-btn-wrapper-1 yrm-more-button-wrapper'\n\t\tdata-custom-more-class-name='' data-custom-less-class-name=''><span title='' data-less-title='' data-more-title='' class='yrm-toggle-expand  yrm-toggle-expand-1' data-rel='yrm-rW0BG' data-more='Arbeitsstab der Beauftragten der Bundesregierung f\u00fcr Migration, Fl\u00fcchtlinge und Integration' data-less='Weniger anzeigen'><span class='yrm-text-wrapper yrm-text-wrapper-custom-dimensions'><span class=\"yrm-button-text-1 yrm-button-text-span\">Arbeitsstab der Beauftragten der Bundesregierung f\u00fcr Migration, Fl\u00fcchtlinge und Integration<\/span><\/span><\/span><\/div>\n\n\n<div class='yrm-content yrm-content-1 yrm-content-hide' id='yrm-8QydI' data-id='1' data-show-status='false' data-after-action='' style=\"visibility: hidden;height: 0;\">\n\t\t\t<div id='yrm-inner-content-yrm-8QydI' class='yrm-inner-content-wrapper yrm-cntent-1'><strong> Arts Initiatives Cologne<\/strong><br \/>\n\"The streets are ours\": participation - independent scene as actors in urban society, 2019<br \/>\nLanguage: german\/english<br \/>\nLocation: Temporary Gallery, Cologne<br \/>\n<img decoding=\"async\" src=\"https:\/\/prasannaoommen.de\/wp-content\/uploads\/2021\/01\/Unknown-1-1.png\"><br \/>\n<\/div>\n\t\t<\/div><div class='yrm-btn-wrapper yrm-btn-wrapper-1 yrm-more-button-wrapper'\n\t\tdata-custom-more-class-name='' data-custom-less-class-name=''><span title='' data-less-title='' data-more-title='' class='yrm-toggle-expand  yrm-toggle-expand-1' data-rel='yrm-8QydI' data-more='Arts Initiatives Cologne' data-less='Weniger anzeigen'><span class='yrm-text-wrapper yrm-text-wrapper-custom-dimensions'><span class=\"yrm-button-text-1 yrm-button-text-span\">Arts Initiatives Cologne<\/span><\/span><\/span><\/div>\n\n\n<div class='yrm-content yrm-content-1 yrm-content-hide' id='yrm-jzHsD' data-id='1' data-show-status='false' data-after-action='' style=\"visibility: hidden;height: 0;\">\n\t\t\t<div id='yrm-inner-content-yrm-jzHsD' class='yrm-inner-content-wrapper yrm-cntent-1'><strong>AWO D\u00fcsseldorf<\/strong><br \/>\nPanel Discussion AWO Talk \"Education, Justice, Digitalization - Vision or Contradiction?\", 2020<br \/>\nLanguage: german<br \/>\nLocation: online<\/p>\n<p>Panel discussion 100 Years AWO - Strong women in conversation, 2020<br \/>\nLanguage: german<br \/>\nLocation: Caf\u00e9 Eden, Junges Schauspiel D\u00fcsseldorf<br \/>\n<img decoding=\"async\" src=\"https:\/\/prasannaoommen.de\/wp-content\/uploads\/2021\/01\/7422_csm_Logo-4c-AWO-Duesseldorf-neuer-Versuch_ec8cd5e3a9_ab309b55de.jpg\"><br \/>\n<\/div>\n\t\t<\/div><div class='yrm-btn-wrapper yrm-btn-wrapper-1 yrm-more-button-wrapper'\n\t\tdata-custom-more-class-name='' data-custom-less-class-name=''><span title='' data-less-title='' data-more-title='' class='yrm-toggle-expand  yrm-toggle-expand-1' data-rel='yrm-jzHsD' data-more='AWO D\u00fcsseldorf' data-less='Weniger anzeigen'><span class='yrm-text-wrapper yrm-text-wrapper-custom-dimensions'><span class=\"yrm-button-text-1 yrm-button-text-span\">AWO D\u00fcsseldorf<\/span><\/span><\/span><\/div>\n\n\n<div class='yrm-content yrm-content-1 yrm-content-hide' id='yrm-V1y6E' data-id='1' data-show-status='false' data-after-action='' style=\"visibility: hidden;height: 0;\">\n\t\t\t<div id='yrm-inner-content-yrm-V1y6E' class='yrm-inner-content-wrapper yrm-cntent-1'><strong>Bildungsst\u00e4tte Anne Frank &#8211; Zentrum f\u00fcr politische Bildung und Beratung<\/strong><br \/>\nDay and panel moderation in the context of the democracy conference \"Bridges and Alliances\", 2019<br \/>\nLanguage: german<br \/>\nLocation: stadtRAUMfrankfurt, Frankfurt am Main<br \/>\n<img decoding=\"async\" src=\"https:\/\/prasannaoommen.de\/wp-content\/uploads\/2021\/01\/5ee3b2d09bede1.79063146.jpg\"><br \/>\n<\/div>\n\t\t<\/div><div class='yrm-btn-wrapper yrm-btn-wrapper-1 yrm-more-button-wrapper'\n\t\tdata-custom-more-class-name='' data-custom-less-class-name=''><span title='' data-less-title='' data-more-title='' class='yrm-toggle-expand  yrm-toggle-expand-1' data-rel='yrm-V1y6E' data-more='Bildungsst\u00e4tte Anne Frank - Zentrum f\u00fcr politische Bildung und Beratung' data-less='Weniger anzeigen'><span class='yrm-text-wrapper yrm-text-wrapper-custom-dimensions'><span class=\"yrm-button-text-1 yrm-button-text-span\">Bildungsst\u00e4tte Anne Frank - Zentrum f\u00fcr politische Bildung und Beratung<\/span><\/span><\/span><\/div>\n\n\n<div class='yrm-content yrm-content-1 yrm-content-hide' id='yrm-sqBci' data-id='1' data-show-status='false' data-after-action='' style=\"visibility: hidden;height: 0;\">\n\t\t\t<div id='yrm-inner-content-yrm-sqBci' class='yrm-inner-content-wrapper yrm-cntent-1'><strong>Bundesakademie f\u00fcr Kulturelle Bildung Wolfenb\u00fcttel<\/strong><br \/>\nModeration Podiumsdiskussion \u201eZwischen Leidenschaft, Broterwerb und Suchbewegungen &#8211; Wissenschaftliche berufliche Weiterbildung fu\u0308r Kunst und Kultur\u201c, 2023<br \/>\nLanguage: german<br \/>\nOrt: BA Wolfenb\u00fcttel<br \/>\n<img decoding=\"async\" src=\"https:\/\/prasannaoommen.de\/wp-content\/uploads\/2023\/05\/ba-wolfenbu\u0308ttel-logo-min-scaled.jpg\"><br \/>\n<\/div>\n\t\t<\/div><div class='yrm-btn-wrapper yrm-btn-wrapper-1 yrm-more-button-wrapper'\n\t\tdata-custom-more-class-name='' data-custom-less-class-name=''><span title='' data-less-title='' data-more-title='' class='yrm-toggle-expand  yrm-toggle-expand-1' data-rel='yrm-sqBci' data-more='Bundesakademie f\u00fcr Kulturelle Bildung Wolfenb\u00fcttel' data-less='Weniger anzeigen'><span class='yrm-text-wrapper yrm-text-wrapper-custom-dimensions'><span class=\"yrm-button-text-1 yrm-button-text-span\">Bundesakademie f\u00fcr Kulturelle Bildung Wolfenb\u00fcttel<\/span><\/span><\/span><\/div>\n\n\n<div class='yrm-content yrm-content-1 yrm-content-hide' id='yrm-QtmhD' data-id='1' data-show-status='false' data-after-action='' style=\"visibility: hidden;height: 0;\">\n\t\t\t<div id='yrm-inner-content-yrm-QtmhD' class='yrm-inner-content-wrapper yrm-cntent-1'><strong>Bundesverband Freie Darstellende K\u00fcnste<\/strong><br \/>\nModeration der 2-t\u00e4gigen Fachkonferenz SYSTEMCHECK, 2022<br \/>\nLanguage: german<br \/>\nOrt: Oyoun, Berlin<br \/>\n<img decoding=\"async\" src=\"https:\/\/prasannaoommen.de\/wp-content\/uploads\/2023\/02\/logo-bfdk.png\"><br \/>\n<\/div>\n\t\t<\/div><div class='yrm-btn-wrapper yrm-btn-wrapper-1 yrm-more-button-wrapper'\n\t\tdata-custom-more-class-name='' data-custom-less-class-name=''><span title='' data-less-title='' data-more-title='' class='yrm-toggle-expand  yrm-toggle-expand-1' data-rel='yrm-QtmhD' data-more='Bundesverband Freie Darstellende K\u00fcnste' data-less='Weniger anzeigen'><span class='yrm-text-wrapper yrm-text-wrapper-custom-dimensions'><span class=\"yrm-button-text-1 yrm-button-text-span\">Bundesverband Freie Darstellende K\u00fcnste<\/span><\/span><\/span><\/div>\n\n\n<div class='yrm-content yrm-content-1 yrm-content-hide' id='yrm-z4jfW' data-id='1' data-show-status='false' data-after-action='' style=\"visibility: hidden;height: 0;\">\n\t\t\t<div id='yrm-inner-content-yrm-z4jfW' class='yrm-inner-content-wrapper yrm-cntent-1'><strong>Bundesvereinigung Kulturelle Kinder- und Jugendbildung<\/strong><br \/>\nALLERART \u2013 Inclusion and cultural education, 2019<br \/>\nLanguage: german<br \/>\nLocation: Hotel Franz, Essen<br \/>\n<img decoding=\"async\" src=\"https:\/\/prasannaoommen.de\/wp-content\/uploads\/2021\/01\/BKJ_Logo2018_01_2z_Web_rgb-1.png\"><br \/>\n<\/div>\n\t\t<\/div><div class='yrm-btn-wrapper yrm-btn-wrapper-1 yrm-more-button-wrapper'\n\t\tdata-custom-more-class-name='' data-custom-less-class-name=''><span title='' data-less-title='' data-more-title='' class='yrm-toggle-expand  yrm-toggle-expand-1' data-rel='yrm-z4jfW' data-more='Bundesvereinigung Kulturelle Kinder- und Jugendbildung' data-less='Weniger anzeigen'><span class='yrm-text-wrapper yrm-text-wrapper-custom-dimensions'><span class=\"yrm-button-text-1 yrm-button-text-span\">Bundesvereinigung Kulturelle Kinder- und Jugendbildung<\/span><\/span><\/span><\/div>\n\n\n<div class='yrm-content yrm-content-1 yrm-content-hide' id='yrm-qmxu8' data-id='1' data-show-status='false' data-after-action='' style=\"visibility: hidden;height: 0;\">\n\t\t\t<div id='yrm-inner-content-yrm-qmxu8' class='yrm-inner-content-wrapper yrm-cntent-1'><strong>Commerzbank-Stiftung<\/strong><br \/>\nImpuls &amp; Podiumsmoderation zur Preisverleihung \u201eZukunftsGut 2022\u201c, 2022<br \/>\nLanguage: german<br \/>\nOrt: Commerzbank-Tower, Frankfurt a.M.<br \/>\n<img decoding=\"async\" src=\"https:\/\/prasannaoommen.de\/wp-content\/uploads\/2022\/11\/Logo_Commerzbank-Stiftung.png.png\"><br \/>\n<\/div>\n\t\t<\/div><div class='yrm-btn-wrapper yrm-btn-wrapper-1 yrm-more-button-wrapper'\n\t\tdata-custom-more-class-name='' data-custom-less-class-name=''><span title='' data-less-title='' data-more-title='' class='yrm-toggle-expand  yrm-toggle-expand-1' data-rel='yrm-qmxu8' data-more='Commerzbank-Stiftung' data-less='Weniger anzeigen'><span class='yrm-text-wrapper yrm-text-wrapper-custom-dimensions'><span class=\"yrm-button-text-1 yrm-button-text-span\">Commerzbank-Stiftung<\/span><\/span><\/span><\/div>\n\n\n<div class='yrm-content yrm-content-1 yrm-content-hide' id='yrm-gLfyx' data-id='1' data-show-status='false' data-after-action='' style=\"visibility: hidden;height: 0;\">\n\t\t\t<div id='yrm-inner-content-yrm-gLfyx' class='yrm-inner-content-wrapper yrm-cntent-1'><strong>Deutsche National Bibliothek<\/strong><br \/>\nRethinking Culture and Science \u2013 Opportunities, risks and developments of the digital transformation in Europe, 2020<br \/>\nLanguage: english<br \/>\nLocation: Frankfurt am Main (digital)<br \/>\n<img decoding=\"async\" src=\"https:\/\/prasannaoommen.de\/wp-content\/uploads\/2021\/01\/1200px-DNB.svg_.png\"><br \/>\n<\/div>\n\t\t<\/div><div class='yrm-btn-wrapper yrm-btn-wrapper-1 yrm-more-button-wrapper'\n\t\tdata-custom-more-class-name='' data-custom-less-class-name=''><span title='' data-less-title='' data-more-title='' class='yrm-toggle-expand  yrm-toggle-expand-1' data-rel='yrm-gLfyx' data-more='Deutsche National Bibliothek' data-less='Weniger anzeigen'><span class='yrm-text-wrapper yrm-text-wrapper-custom-dimensions'><span class=\"yrm-button-text-1 yrm-button-text-span\">Deutsche National Bibliothek<\/span><\/span><\/span><\/div>\n\n\n<div class='yrm-content yrm-content-1 yrm-content-hide' id='yrm-kaupA' data-id='1' data-show-status='false' data-after-action='' style=\"visibility: hidden;height: 0;\">\n\t\t\t<div id='yrm-inner-content-yrm-kaupA' class='yrm-inner-content-wrapper yrm-cntent-1'><strong>Deutsche Welle Akademie<\/strong><br \/>\n\u201eBeyond the Crisis- Communication, Engagement and Accountability in Forced Migration Settings\u201c, 2019<br \/>\nLanguage: english<br \/>\nLocation: Deutsche Welle Akademie, Bonn<\/p>\n<p>South-South Exchange: Financing, Distribution and Marketing &#8211; Think Tank Berlinale 2020<br \/>\nLanguage: english<br \/>\nLocation: Marriott Hotel, Berlin<br \/>\n<img decoding=\"async\" src=\"https:\/\/prasannaoommen.de\/wp-content\/uploads\/2021\/01\/dw1_akademie_0_326x180.png\"><br \/>\n<\/div>\n\t\t<\/div><div class='yrm-btn-wrapper yrm-btn-wrapper-1 yrm-more-button-wrapper'\n\t\tdata-custom-more-class-name='' data-custom-less-class-name=''><span title='' data-less-title='' data-more-title='' class='yrm-toggle-expand  yrm-toggle-expand-1' data-rel='yrm-kaupA' data-more='Deutsche Welle Akademie' data-less='Weniger anzeigen'><span class='yrm-text-wrapper yrm-text-wrapper-custom-dimensions'><span class=\"yrm-button-text-1 yrm-button-text-span\">Deutsche Welle Akademie<\/span><\/span><\/span><\/div>\n\n\n\n        <div class=\"rmwr-wrapper\" \n             data-id=\"rmwr-69f5825750291\"\n             data-mode=\"normal\"\n             data-animation=\"fade\"\n             data-duration=\"300\"\n             data-smooth-scroll=\"true\"\n             data-scroll-offset=\"0\">\n            <button \n                type=\"button\"\n                class=\"read-link\" \n                id=\"readlinkrmwr-69f5825750291\"\n                data-open-text=\"Weiterlesen\"\n                data-close-text=\"Weniger anzeigen\"\n                aria-expanded=\"false\"\n                aria-controls=\"readrmwr-69f5825750291\"\n                aria-label=\"Read more\"\n            >\n                <span class=\"rmwr-text\">Read more<\/span>\n            <\/button>\n            <div \n                class=\"read_div\" \n                id=\"readrmwr-69f5825750291\"\n                aria-hidden=\"true\"\n                data-animation=\"fade\"\n                data-duration=\"300\"\n                style=\"display: none;\"\n            >\n                <\/p>\n\n\n<p><div class='yrm-content yrm-content-1 yrm-content-hide' id='yrm-K4wSV' data-id='1' data-show-status='false' data-after-action='' style=\"visibility: hidden;height: 0;\">\n\t\t\t<div id='yrm-inner-content-yrm-K4wSV' class='yrm-inner-content-wrapper yrm-cntent-1'><strong>Deutscher Olympischer Sportbund (DOSB)<\/strong><br \/>\nModeration der Fachtagung &#8222;Bewegte Zukunft&#8220;, 2023<br \/>\nLanguage: german<br \/>\nOrt: VKU-Forum Berlin<\/p>\n<p><img decoding=\"async\" src=\"https:\/\/prasannaoommen.de\/wp-content\/uploads\/2023\/02\/Logo_Deutscher_Olympischer_Sportbund_seit_2014.svg_.png\"><br \/>\n<\/div>\n\t\t<\/div><div class='yrm-btn-wrapper yrm-btn-wrapper-1 yrm-more-button-wrapper'\n\t\tdata-custom-more-class-name='' data-custom-less-class-name=''><span title='' data-less-title='' data-more-title='' class='yrm-toggle-expand  yrm-toggle-expand-1' data-rel='yrm-K4wSV' data-more='Deutscher Olympischer Sportbund (DOSB)' data-less='Weniger anzeigen'><span class='yrm-text-wrapper yrm-text-wrapper-custom-dimensions'><span class=\"yrm-button-text-1 yrm-button-text-span\">Deutscher Olympischer Sportbund (DOSB)<\/span><\/span><\/span><\/div><\/p>\n\n\n<p><div class='yrm-content yrm-content-1 yrm-content-hide' id='yrm-Y5UnR' data-id='1' data-show-status='false' data-after-action='' style=\"visibility: hidden;height: 0;\">\n\t\t\t<div id='yrm-inner-content-yrm-Y5UnR' class='yrm-inner-content-wrapper yrm-cntent-1'><strong>D\u00fcsseldorfer Schauspielhaus<\/strong><br \/>\nGuest on the panel \u201eDiversity Matters! \u2013 Ran an die Strukturen\u201c, 2019<br \/>\nLanguage: german<br \/>\nLocation: Central Br\u00fccke\/D\u00fcsseldorfer Schauspielhaus<\/p>\n<p>Democracy Lab \"Gambling Education\", 2020<br \/>\nLanguage: german<br \/>\nLocation: online<br \/>\n<img decoding=\"async\" src=\"https:\/\/prasannaoommen.de\/wp-content\/uploads\/2021\/01\/unnamed.png\"><br \/>\n<\/div>\n\t\t<\/div><div class='yrm-btn-wrapper yrm-btn-wrapper-1 yrm-more-button-wrapper'\n\t\tdata-custom-more-class-name='' data-custom-less-class-name=''><span title='' data-less-title='' data-more-title='' class='yrm-toggle-expand  yrm-toggle-expand-1' data-rel='yrm-Y5UnR' data-more='D\u00fcsseldorfer Schauspielhaus' data-less='Weniger anzeigen'><span class='yrm-text-wrapper yrm-text-wrapper-custom-dimensions'><span class=\"yrm-button-text-1 yrm-button-text-span\">D\u00fcsseldorfer Schauspielhaus<\/span><\/span><\/span><\/div><\/p>\n\n\n<p><div class='yrm-content yrm-content-1 yrm-content-hide' id='yrm-gXts0' data-id='1' data-show-status='false' data-after-action='' style=\"visibility: hidden;height: 0;\">\n\t\t\t<div id='yrm-inner-content-yrm-gXts0' class='yrm-inner-content-wrapper yrm-cntent-1'><strong>Ehrenfelder<\/strong><br \/>\nMags We Love: the first Cologne Blattsalon with over 400 magazines, 2010<br \/>\nLanguage: german<br \/>\nLocation: Cologne, Designquartier Ehrenfeld \u201eDQE-Halle\u201c<br \/>\n<\/div>\n\t\t<\/div><div class='yrm-btn-wrapper yrm-btn-wrapper-1 yrm-more-button-wrapper'\n\t\tdata-custom-more-class-name='' data-custom-less-class-name=''><span title='' data-less-title='' data-more-title='' class='yrm-toggle-expand  yrm-toggle-expand-1' data-rel='yrm-gXts0' data-more='Ehrenfelder' data-less='Weniger anzeigen'><span class='yrm-text-wrapper yrm-text-wrapper-custom-dimensions'><span class=\"yrm-button-text-1 yrm-button-text-span\">Ehrenfelder<\/span><\/span><\/span><\/div><\/p>\n\n\n<p><div class='yrm-content yrm-content-1 yrm-content-hide' id='yrm-3uSLg' data-id='1' data-show-status='false' data-after-action='' style=\"visibility: hidden;height: 0;\">\n\t\t\t<div id='yrm-inner-content-yrm-3uSLg' class='yrm-inner-content-wrapper yrm-cntent-1'><strong>Europeana Foundation<\/strong><br \/>\nEuropeana 2020 &#8222;Crisis, Change and Culture&#8220;, 2020<br \/>\nLanguage: english<br \/>\nLocation: online<br \/>\n<img decoding=\"async\" src=\"https:\/\/prasannaoommen.de\/wp-content\/uploads\/2021\/01\/logo_Europeana_basic_landscape_black.png\"><br \/>\n<\/div>\n\t\t<\/div><div class='yrm-btn-wrapper yrm-btn-wrapper-1 yrm-more-button-wrapper'\n\t\tdata-custom-more-class-name='' data-custom-less-class-name=''><span title='' data-less-title='' data-more-title='' class='yrm-toggle-expand  yrm-toggle-expand-1' data-rel='yrm-3uSLg' data-more='Europeana Foundation' data-less='Weniger anzeigen'><span class='yrm-text-wrapper yrm-text-wrapper-custom-dimensions'><span class=\"yrm-button-text-1 yrm-button-text-span\">Europeana Foundation<\/span><\/span><\/span><\/div><\/p>\n\n\n<p><div class='yrm-content yrm-content-1 yrm-content-hide' id='yrm-zmgjc' data-id='1' data-show-status='false' data-after-action='' style=\"visibility: hidden;height: 0;\">\n\t\t\t<div id='yrm-inner-content-yrm-zmgjc' class='yrm-inner-content-wrapper yrm-cntent-1'><strong>FHXB Friedrichshain Kreuzberg Museum<\/strong><br \/>\n2-day symposium: Berlin memorial spaces - voices and policies for a culture of remembrance in the migration society. Sponsored by the Friedrichshain-Kreuzberg District Office, 2018.<br \/>\nLanguage: german<br \/>\nLocation: Aquarium im S\u00fcdblock\/Kottbusser Tor, Berlin<\/p>\n<p>Digitale Veranstaltung zur Information und Abstimmung \u00fcber die Umbenennung einer Stra\u00dfe in \u201eAudre-Lorde-Stra\u00dfe\u201c<br \/>\nLanguage: german<br \/>\nLocation: online<br \/>\n<img decoding=\"async\" src=\"https:\/\/prasannaoommen.de\/wp-content\/uploads\/2021\/01\/logo_fhxb_print.jpg\"><br \/>\n<\/div>\n\t\t<\/div><div class='yrm-btn-wrapper yrm-btn-wrapper-1 yrm-more-button-wrapper'\n\t\tdata-custom-more-class-name='' data-custom-less-class-name=''><span title='' data-less-title='' data-more-title='' class='yrm-toggle-expand  yrm-toggle-expand-1' data-rel='yrm-zmgjc' data-more='FHXB Friedrichshain Kreuzberg Museum' data-less='Weniger anzeigen'><span class='yrm-text-wrapper yrm-text-wrapper-custom-dimensions'><span class=\"yrm-button-text-1 yrm-button-text-span\">FHXB Friedrichshain Kreuzberg Museum<\/span><\/span><\/span><\/div><\/p>\n\n\n<p><div class='yrm-content yrm-content-1 yrm-content-hide' id='yrm-ez3OS' data-id='1' data-show-status='false' data-after-action='' style=\"visibility: hidden;height: 0;\">\n\t\t\t<div id='yrm-inner-content-yrm-ez3OS' class='yrm-inner-content-wrapper yrm-cntent-1'><strong>Freunde des Wallraf-Richartz Museum und des Museum Ludwig<\/strong><br \/>\nModeration &#8222;Susanna und die Alten&#8230;Meister? II: Die Podiumsdiskussion&#8220;, 2023<br \/>\nLanguage: german<br \/>\nOrt: Wallraf-Richartz Museum<br \/>\n<img decoding=\"async\" src=\"https:\/\/prasannaoommen.de\/wp-content\/uploads\/2023\/02\/RTEmagicC_museumsfreunde.jpg.jpg\"><br \/>\n<\/div>\n\t\t<\/div><div class='yrm-btn-wrapper yrm-btn-wrapper-1 yrm-more-button-wrapper'\n\t\tdata-custom-more-class-name='' data-custom-less-class-name=''><span title='' data-less-title='' data-more-title='' class='yrm-toggle-expand  yrm-toggle-expand-1' data-rel='yrm-ez3OS' data-more='Freunde des Wallraf-Richartz Museum und des Museum Ludwig' data-less='Weniger anzeigen'><span class='yrm-text-wrapper yrm-text-wrapper-custom-dimensions'><span class=\"yrm-button-text-1 yrm-button-text-span\">Freunde des Wallraf-Richartz Museum und des Museum Ludwig<\/span><\/span><\/span><\/div><\/p>\n\n\n<p><div class='yrm-content yrm-content-1 yrm-content-hide' id='yrm-3BgcM' data-id='1' data-show-status='false' data-after-action='' style=\"visibility: hidden;height: 0;\">\n\t\t\t<div id='yrm-inner-content-yrm-3BgcM' class='yrm-inner-content-wrapper yrm-cntent-1'><strong>Friedrich-Ebert-Stiftung<\/strong><br \/>\nPodiumsmoderation &#8222;Geschichte in Vieltfalt \u2013 Erinnerungskultur im Einwanderungsland Deutschland&#8220;, 2022<br \/>\nLanguage: german<br \/>\nOrt: B\u00fcrgerzentrum Ehrenfeld, K\u00f6ln<br \/>\n<img decoding=\"async\" src=\"https:\/\/prasannaoommen.de\/wp-content\/uploads\/2022\/11\/Logo_Friedrich-Ebert-Stiftung.png\"><br \/>\n<\/div>\n\t\t<\/div><div class='yrm-btn-wrapper yrm-btn-wrapper-1 yrm-more-button-wrapper'\n\t\tdata-custom-more-class-name='' data-custom-less-class-name=''><span title='' data-less-title='' data-more-title='' class='yrm-toggle-expand  yrm-toggle-expand-1' data-rel='yrm-3BgcM' data-more='Friedrich-Ebert-Stiftung' data-less='Weniger anzeigen'><span class='yrm-text-wrapper yrm-text-wrapper-custom-dimensions'><span class=\"yrm-button-text-1 yrm-button-text-span\">Friedrich-Ebert-Stiftung<\/span><\/span><\/span><\/div><\/p>\n\n\n<p><div class='yrm-content yrm-content-1 yrm-content-hide' id='yrm-RNAM5' data-id='1' data-show-status='false' data-after-action='' style=\"visibility: hidden;height: 0;\">\n\t\t\t<div id='yrm-inner-content-yrm-RNAM5' class='yrm-inner-content-wrapper yrm-cntent-1'><strong>Filmproduktion Sutor Kolonko<\/strong><br \/>\nPresentation &amp; director's talk for \u201eSophias\u2019s last ambulance\u201c: NRW cinema premiere, 2012<br \/>\nLanguage: english<br \/>\nLocation: Cinema Odeon, Cologne<br \/>\n<\/div>\n\t\t<\/div><div class='yrm-btn-wrapper yrm-btn-wrapper-1 yrm-more-button-wrapper'\n\t\tdata-custom-more-class-name='' data-custom-less-class-name=''><span title='' data-less-title='' data-more-title='' class='yrm-toggle-expand  yrm-toggle-expand-1' data-rel='yrm-RNAM5' data-more='Filmproduktion Sutor Kolonko' data-less='Weniger anzeigen'><span class='yrm-text-wrapper yrm-text-wrapper-custom-dimensions'><span class=\"yrm-button-text-1 yrm-button-text-span\">Filmproduktion Sutor Kolonko<\/span><\/span><\/span><\/div><\/p>\n\n\n<p><div class='yrm-content yrm-content-1 yrm-content-hide' id='yrm-3ZD9v' data-id='1' data-show-status='false' data-after-action='' style=\"visibility: hidden;height: 0;\">\n\t\t\t<div id='yrm-inner-content-yrm-3ZD9v' class='yrm-inner-content-wrapper yrm-cntent-1'><strong>Filmstiftung NRW<\/strong><br \/>\nPresentation &amp; director's talk for \u201eDas Zimmerm\u00e4dchen Lynn\u201c: Cinema-Preview, 2014<br \/>\nLanguage: german<br \/>\nLocation: Cinema Cinedom, Cologne<br \/>\n<img decoding=\"async\" src=\"https:\/\/prasannaoommen.de\/wp-content\/uploads\/2021\/01\/FS_Logo_2zeilig_sw-scaled.jpg\"><br \/>\n<\/div>\n\t\t<\/div><div class='yrm-btn-wrapper yrm-btn-wrapper-1 yrm-more-button-wrapper'\n\t\tdata-custom-more-class-name='' data-custom-less-class-name=''><span title='' data-less-title='' data-more-title='' class='yrm-toggle-expand  yrm-toggle-expand-1' data-rel='yrm-3ZD9v' data-more='Filmstiftung NRW' data-less='Weniger anzeigen'><span class='yrm-text-wrapper yrm-text-wrapper-custom-dimensions'><span class=\"yrm-button-text-1 yrm-button-text-span\">Filmstiftung NRW<\/span><\/span><\/span><\/div><\/p>\n\n\n<p><div class='yrm-content yrm-content-1 yrm-content-hide' id='yrm-hB8Kg' data-id='1' data-show-status='false' data-after-action='' style=\"visibility: hidden;height: 0;\">\n\t\t\t<div id='yrm-inner-content-yrm-hB8Kg' class='yrm-inner-content-wrapper yrm-cntent-1'><strong>Forum Bildung Digitalisierung e.V.<\/strong><br \/>\nPanel discussion \"School authorities and DigitalPakt Schule - How to achieve sustainable digital transformation?\", 2020<br \/>\nLanguage: german<br \/>\nLocation: online<br \/>\n<img decoding=\"async\" src=\"https:\/\/prasannaoommen.de\/wp-content\/uploads\/2021\/01\/FBD-Logo_RGB_Boxed.png\"><br \/>\n<\/div>\n\t\t<\/div><div class='yrm-btn-wrapper yrm-btn-wrapper-1 yrm-more-button-wrapper'\n\t\tdata-custom-more-class-name='' data-custom-less-class-name=''><span title='' data-less-title='' data-more-title='' class='yrm-toggle-expand  yrm-toggle-expand-1' data-rel='yrm-hB8Kg' data-more='Forum Bildung Digitalisierung e.V.' data-less='Weniger anzeigen'><span class='yrm-text-wrapper yrm-text-wrapper-custom-dimensions'><span class=\"yrm-button-text-1 yrm-button-text-span\">Forum Bildung Digitalisierung e.V.<\/span><\/span><\/span><\/div><\/p>\n\n\n<p><div class='yrm-content yrm-content-1 yrm-content-hide' id='yrm-6PeRJ' data-id='1' data-show-status='false' data-after-action='' style=\"visibility: hidden;height: 0;\">\n\t\t\t<div id='yrm-inner-content-yrm-6PeRJ' class='yrm-inner-content-wrapper yrm-cntent-1'><strong>Forum der Kulturen Stuttgart e.V.<\/strong><br \/>\n5. National conference \"Intercultural Cultural Work\", 2019<br \/>\nLanguage: german<br \/>\nLocation: ZKM, Karlsruhe<br \/>\n<img decoding=\"async\" src=\"https:\/\/prasannaoommen.de\/wp-content\/uploads\/2021\/01\/fdks_platzhalter1.png\"><br \/>\n<\/div>\n\t\t<\/div><div class='yrm-btn-wrapper yrm-btn-wrapper-1 yrm-more-button-wrapper'\n\t\tdata-custom-more-class-name='' data-custom-less-class-name=''><span title='' data-less-title='' data-more-title='' class='yrm-toggle-expand  yrm-toggle-expand-1' data-rel='yrm-6PeRJ' data-more='Forum der Kulturen Stuttgart e.V.' data-less='Weniger anzeigen'><span class='yrm-text-wrapper yrm-text-wrapper-custom-dimensions'><span class=\"yrm-button-text-1 yrm-button-text-span\">Forum der Kulturen Stuttgart e.V.<\/span><\/span><\/span><\/div><\/p>\n\n\n<p><div class='yrm-content yrm-content-1 yrm-content-hide' id='yrm-aiOHl' data-id='1' data-show-status='false' data-after-action='' style=\"visibility: hidden;height: 0;\">\n\t\t\t<div id='yrm-inner-content-yrm-aiOHl' class='yrm-inner-content-wrapper yrm-cntent-1'><strong>Gegen Vergessen &#8211; F\u00fcr Demokratie e.V.<\/strong><br \/>\nWebtalkreihe &#8222;Sprache-Macht-Demokratie&#8220;, 2022<br \/>\nLanguage: german<br \/>\nLocation: online<br \/>\n<img decoding=\"async\" src=\"https:\/\/prasannaoommen.de\/wp-content\/uploads\/2023\/02\/logo_gegenvergessen.png\"><br \/>\n<\/div>\n\t\t<\/div><div class='yrm-btn-wrapper yrm-btn-wrapper-1 yrm-more-button-wrapper'\n\t\tdata-custom-more-class-name='' data-custom-less-class-name=''><span title='' data-less-title='' data-more-title='' class='yrm-toggle-expand  yrm-toggle-expand-1' data-rel='yrm-aiOHl' data-more='Gegen Vergessen - F\u00fcr Demokratie e.V.' data-less='Weniger anzeigen'><span class='yrm-text-wrapper yrm-text-wrapper-custom-dimensions'><span class=\"yrm-button-text-1 yrm-button-text-span\">Gegen Vergessen - F\u00fcr Demokratie e.V.<\/span><\/span><\/span><\/div><\/p>\n\n\n<p><div class='yrm-content yrm-content-1 yrm-content-hide' id='yrm-mQLV8' data-id='1' data-show-status='false' data-after-action='' style=\"visibility: hidden;height: 0;\">\n\t\t\t<div id='yrm-inner-content-yrm-mQLV8' class='yrm-inner-content-wrapper yrm-cntent-1'><strong>Goethe Institut<\/strong><br \/>\nDigital international festival Latitude \u2013 Rethinking Power Relations, 2020<br \/>\nLanguage: german\/english<br \/>\nLocation: online<br \/>\n<img decoding=\"async\" src=\"https:\/\/prasannaoommen.de\/wp-content\/uploads\/2021\/01\/1200px-Logo_GoetheInstitut_2011.svg_.png\"><br \/>\n<\/div>\n\t\t<\/div><div class='yrm-btn-wrapper yrm-btn-wrapper-1 yrm-more-button-wrapper'\n\t\tdata-custom-more-class-name='' data-custom-less-class-name=''><span title='' data-less-title='' data-more-title='' class='yrm-toggle-expand  yrm-toggle-expand-1' data-rel='yrm-mQLV8' data-more='Goethe Institut' data-less='Weniger anzeigen'><span class='yrm-text-wrapper yrm-text-wrapper-custom-dimensions'><span class=\"yrm-button-text-1 yrm-button-text-span\">Goethe Institut<\/span><\/span><\/span><\/div><\/p>\n\n\n<p><div class='yrm-content yrm-content-1 yrm-content-hide' id='yrm-wf41P' data-id='1' data-show-status='false' data-after-action='' style=\"visibility: hidden;height: 0;\">\n\t\t\t<div id='yrm-inner-content-yrm-wf41P' class='yrm-inner-content-wrapper yrm-cntent-1'><strong>Hans Zimmer Stiftung D\u00fcsseldorf<\/strong><br \/>\nPanel discussion as part of the \"Urban Tomorrow\" exhibition opening \"We Plus You\", 2017<br \/>\nLanguage: german<br \/>\nLocation: Weltkunstzimmer D\u00fcsseldorf<br \/>\n<\/div>\n\t\t<\/div><div class='yrm-btn-wrapper yrm-btn-wrapper-1 yrm-more-button-wrapper'\n\t\tdata-custom-more-class-name='' data-custom-less-class-name=''><span title='' data-less-title='' data-more-title='' class='yrm-toggle-expand  yrm-toggle-expand-1' data-rel='yrm-wf41P' data-more='Hans Zimmer Stiftung D\u00fcsseldorf' data-less='Weniger anzeigen'><span class='yrm-text-wrapper yrm-text-wrapper-custom-dimensions'><span class=\"yrm-button-text-1 yrm-button-text-span\">Hans Zimmer Stiftung D\u00fcsseldorf<\/span><\/span><\/span><\/div><\/p>\n\n\n<p><div class='yrm-content yrm-content-1 yrm-content-hide' id='yrm-rKseY' data-id='1' data-show-status='false' data-after-action='' style=\"visibility: hidden;height: 0;\">\n\t\t\t<div id='yrm-inner-content-yrm-rKseY' class='yrm-inner-content-wrapper yrm-cntent-1'><strong>Headtrip Innovation Lab<\/strong><br \/>\nSetting a robot to music: Pepper Robot for T-Labs, 2018<br \/>\nLanguage: english<br \/>\nLocation: Cologne<br \/>\n<img decoding=\"async\" src=\"https:\/\/prasannaoommen.de\/wp-content\/uploads\/2021\/01\/ht_Logo_schwarz_klein.png\"><br \/>\n<\/div>\n\t\t<\/div><div class='yrm-btn-wrapper yrm-btn-wrapper-1 yrm-more-button-wrapper'\n\t\tdata-custom-more-class-name='' data-custom-less-class-name=''><span title='' data-less-title='' data-more-title='' class='yrm-toggle-expand  yrm-toggle-expand-1' data-rel='yrm-rKseY' data-more='Headtrip Innovation Lab' data-less='Weniger anzeigen'><span class='yrm-text-wrapper yrm-text-wrapper-custom-dimensions'><span class=\"yrm-button-text-1 yrm-button-text-span\">Headtrip Innovation Lab<\/span><\/span><\/span><\/div><\/p>\n\n\n<p><div class='yrm-content yrm-content-1 yrm-content-hide' id='yrm-MSmRb' data-id='1' data-show-status='false' data-after-action='' style=\"visibility: hidden;height: 0;\">\n\t\t\t<div id='yrm-inner-content-yrm-MSmRb' class='yrm-inner-content-wrapper yrm-cntent-1'><strong>Heinrich-B\u00f6ll-Stiftung<\/strong><br \/>\nModeration Feministische Presserunde, 2023<br \/>\nLanguage: german<br \/>\nLocation: online<br \/>\n<img decoding=\"async\" src=\"https:\/\/prasannaoommen.de\/wp-content\/uploads\/2023\/05\/heinrich-boell-logo.jpg\"><br \/>\n<\/div>\n\t\t<\/div><div class='yrm-btn-wrapper yrm-btn-wrapper-1 yrm-more-button-wrapper'\n\t\tdata-custom-more-class-name='' data-custom-less-class-name=''><span title='' data-less-title='' data-more-title='' class='yrm-toggle-expand  yrm-toggle-expand-1' data-rel='yrm-MSmRb' data-more='Heinrich-B\u00f6ll-Stiftung' data-less='Weniger anzeigen'><span class='yrm-text-wrapper yrm-text-wrapper-custom-dimensions'><span class=\"yrm-button-text-1 yrm-button-text-span\">Heinrich-B\u00f6ll-Stiftung<\/span><\/span><\/span><\/div><\/p>\n\n\n<p><div class='yrm-content yrm-content-1 yrm-content-hide' id='yrm-fEFr0' data-id='1' data-show-status='false' data-after-action='' style=\"visibility: hidden;height: 0;\">\n\t\t\t<div id='yrm-inner-content-yrm-fEFr0' class='yrm-inner-content-wrapper yrm-cntent-1'><strong>InterKultur e.V.<\/strong><br \/>\nLesungsgespr\u00e4ch \u201eYalla, Feminismus!\u201c mit Reyhan \u015eahin alias Lady Bitch Ray, 2023<br \/>\nLanguage: german<br \/>\nOrt: B\u00fcrgerhaus M\u00fcZe K\u00f6ln<br \/>\n<img decoding=\"async\" src=\"https:\/\/prasannaoommen.de\/wp-content\/uploads\/2023\/05\/interkultur-logo.png\"><br \/>\n<\/div>\n\t\t<\/div><div class='yrm-btn-wrapper yrm-btn-wrapper-1 yrm-more-button-wrapper'\n\t\tdata-custom-more-class-name='' data-custom-less-class-name=''><span title='' data-less-title='' data-more-title='' class='yrm-toggle-expand  yrm-toggle-expand-1' data-rel='yrm-fEFr0' data-more='InterKultur e.V.' data-less='Weniger anzeigen'><span class='yrm-text-wrapper yrm-text-wrapper-custom-dimensions'><span class=\"yrm-button-text-1 yrm-button-text-span\">InterKultur e.V.<\/span><\/span><\/span><\/div><\/p>\n\n\n<p><div class='yrm-content yrm-content-1 yrm-content-hide' id='yrm-ib6Sn' data-id='1' data-show-status='false' data-after-action='' style=\"visibility: hidden;height: 0;\">\n\t\t\t<div id='yrm-inner-content-yrm-ib6Sn' class='yrm-inner-content-wrapper yrm-cntent-1'><strong>KITEV e. V.<\/strong><br \/>\nPanel discussion \u201cReal Possibilities\u201d- Discussion with Experts from Serbia, Great Britain, Italy, Latvia and Syria, 2016<br \/>\nLanguage: english<br \/>\nLocation: Central Station Oberhausen<br \/>\n<\/div>\n\t\t<\/div><div class='yrm-btn-wrapper yrm-btn-wrapper-1 yrm-more-button-wrapper'\n\t\tdata-custom-more-class-name='' data-custom-less-class-name=''><span title='' data-less-title='' data-more-title='' class='yrm-toggle-expand  yrm-toggle-expand-1' data-rel='yrm-ib6Sn' data-more='KITEV e. V.' data-less='Weniger anzeigen'><span class='yrm-text-wrapper yrm-text-wrapper-custom-dimensions'><span class=\"yrm-button-text-1 yrm-button-text-span\">KITEV e. V.<\/span><\/span><\/span><\/div><\/p>\n\n\n<p><div class='yrm-content yrm-content-1 yrm-content-hide' id='yrm-r1avX' data-id='1' data-show-status='false' data-after-action='' style=\"visibility: hidden;height: 0;\">\n\t\t\t<div id='yrm-inner-content-yrm-r1avX' class='yrm-inner-content-wrapper yrm-cntent-1'><strong>KIWIT \u2013 Kompetenzverbund Kulturelle Integration und Wissenstransfer<\/strong><br \/>\nProfessional conference: \u201eThe State of the Arts Institutions \u2013 Cultural Justice in the Cultural Sector.\" Funded by the Federal Government Commissioner for Culture and the Media, 2018.<br \/>\nLanguage: german<br \/>\nLocation: Haus der Kulturen der Welt, Berlin<br \/>\n<\/div>\n\t\t<\/div><div class='yrm-btn-wrapper yrm-btn-wrapper-1 yrm-more-button-wrapper'\n\t\tdata-custom-more-class-name='' data-custom-less-class-name=''><span title='' data-less-title='' data-more-title='' class='yrm-toggle-expand  yrm-toggle-expand-1' data-rel='yrm-r1avX' data-more='KIWIT \u2013 Kompetenzverbund Kulturelle Integration und Wissenstransfer' data-less='Weniger anzeigen'><span class='yrm-text-wrapper yrm-text-wrapper-custom-dimensions'><span class=\"yrm-button-text-1 yrm-button-text-span\">KIWIT \u2013 Kompetenzverbund Kulturelle Integration und Wissenstransfer<\/span><\/span><\/span><\/div><\/p>\n\n\n<p><div class='yrm-content yrm-content-1 yrm-content-hide' id='yrm-m0Wu9' data-id='1' data-show-status='false' data-after-action='' style=\"visibility: hidden;height: 0;\">\n\t\t\t<div id='yrm-inner-content-yrm-m0Wu9' class='yrm-inner-content-wrapper yrm-cntent-1'><strong>Kulturbunker K\u00f6ln<\/strong><br \/>\nModeration and author talk as part of the reading of the novel \u201eGegen Morgen\u201c by Deniz Utlu, 2019<br \/>\nLanguage: german<br \/>\nLocation: Kulturbunker, Cologne<\/p>\n<p>Moderation and author talk as part of the reading \u201eEure Heimat ist unser Albtraum\u201c with Hengameh Yaghoobifarah and Mithu Sanyal, 2019<br \/>\nLanguage: german<br \/>\nLocation: Kulturbunker, Cologne<br \/>\n<img decoding=\"async\" src=\"https:\/\/prasannaoommen.de\/wp-content\/uploads\/2021\/01\/unnamed-1.png\"><br \/>\n<\/div>\n\t\t<\/div><div class='yrm-btn-wrapper yrm-btn-wrapper-1 yrm-more-button-wrapper'\n\t\tdata-custom-more-class-name='' data-custom-less-class-name=''><span title='' data-less-title='' data-more-title='' class='yrm-toggle-expand  yrm-toggle-expand-1' data-rel='yrm-m0Wu9' data-more='Kulturbunker K\u00f6ln' data-less='Weniger anzeigen'><span class='yrm-text-wrapper yrm-text-wrapper-custom-dimensions'><span class=\"yrm-button-text-1 yrm-button-text-span\">Kulturbunker K\u00f6ln<\/span><\/span><\/span><\/div><\/p>\n\n\n<p><div class='yrm-content yrm-content-1 yrm-content-hide' id='yrm-IyrRh' data-id='1' data-show-status='false' data-after-action='' style=\"visibility: hidden;height: 0;\">\n\t\t\t<div id='yrm-inner-content-yrm-IyrRh' class='yrm-inner-content-wrapper yrm-cntent-1'><strong>Kulturpolitische Gesellschaft e.V. (KuPoGe)<\/strong><br \/>\nG\u00e4stin im KuPoGe-Webtalk zur Zukunft des Kulturjournalismus, 2023<br \/>\nLanguage: german<br \/>\nLocation: online<\/p>\n<p>Podiumsmoderation: \u201eMacht und Struktur in Kultureinrichtungen\u201c, 2022<br \/>\nLanguage: german<br \/>\nLocation: online<br \/>\n<img decoding=\"async\" src=\"https:\/\/prasannaoommen.de\/wp-content\/uploads\/2022\/11\/Logo_KupoGe.jpg.jpg\"><br \/>\n<\/div>\n\t\t<\/div><div class='yrm-btn-wrapper yrm-btn-wrapper-1 yrm-more-button-wrapper'\n\t\tdata-custom-more-class-name='' data-custom-less-class-name=''><span title='' data-less-title='' data-more-title='' class='yrm-toggle-expand  yrm-toggle-expand-1' data-rel='yrm-IyrRh' data-more='Kulturpolitische Gesellschaft e.V.' data-less='Weniger anzeigen'><span class='yrm-text-wrapper yrm-text-wrapper-custom-dimensions'><span class=\"yrm-button-text-1 yrm-button-text-span\">Kulturpolitische Gesellschaft e.V.<\/span><\/span><\/span><\/div><\/p>\n\n\n<p><div class='yrm-content yrm-content-1 yrm-content-hide' id='yrm-WGiKQ' data-id='1' data-show-status='false' data-after-action='' style=\"visibility: hidden;height: 0;\">\n\t\t\t<div id='yrm-inner-content-yrm-WGiKQ' class='yrm-inner-content-wrapper yrm-cntent-1'><strong>Kulturrat NRW<\/strong><br \/>\nCo-Moderation der Digital-Konferenz \u201eZukunft.KULTUR.NRW\u201c, 2021<br \/>\nSprache:  deutsch<br \/>\nLocation: online<br \/>\n<\/div>\n\t\t<\/div><div class='yrm-btn-wrapper yrm-btn-wrapper-1 yrm-more-button-wrapper'\n\t\tdata-custom-more-class-name='' data-custom-less-class-name=''><span title='' data-less-title='' data-more-title='' class='yrm-toggle-expand  yrm-toggle-expand-1' data-rel='yrm-WGiKQ' data-more='Kulturrat NRW' data-less='Weniger anzeigen'><span class='yrm-text-wrapper yrm-text-wrapper-custom-dimensions'><span class=\"yrm-button-text-1 yrm-button-text-span\">Kulturrat NRW<\/span><\/span><\/span><\/div><\/p>\n\n\n<p><div class='yrm-content yrm-content-1 yrm-content-hide' id='yrm-UZVnH' data-id='1' data-show-status='false' data-after-action='' style=\"visibility: hidden;height: 0;\">\n\t\t\t<div id='yrm-inner-content-yrm-UZVnH' class='yrm-inner-content-wrapper yrm-cntent-1'><strong>Kultursekretariat Wuppertal<\/strong><br \/>\nSYNERGIZE! Culture in Democratic Action. The Socio-Political Impact of International Networks and Cultural Relations: 10 years \u201cInternational Visitors Program\u201d, 2019<br \/>\nLanguage: english<br \/>\nLocation: Tanzhaus NRW, D\u00fcsseldorf<br \/>\n<\/div>\n\t\t<\/div><div class='yrm-btn-wrapper yrm-btn-wrapper-1 yrm-more-button-wrapper'\n\t\tdata-custom-more-class-name='' data-custom-less-class-name=''><span title='' data-less-title='' data-more-title='' class='yrm-toggle-expand  yrm-toggle-expand-1' data-rel='yrm-UZVnH' data-more='Kultursekretariat Wuppertal' data-less='Weniger anzeigen'><span class='yrm-text-wrapper yrm-text-wrapper-custom-dimensions'><span class=\"yrm-button-text-1 yrm-button-text-span\">Kultursekretariat Wuppertal<\/span><\/span><\/span><\/div><\/p>\n\n\n<p><div class='yrm-content yrm-content-1 yrm-content-hide' id='yrm-4DM9g' data-id='1' data-show-status='false' data-after-action='' style=\"visibility: hidden;height: 0;\">\n\t\t\t<div id='yrm-inner-content-yrm-4DM9g' class='yrm-inner-content-wrapper yrm-cntent-1'><strong>Kultursekretariate NRW (Wuppertal und G\u00fctersloh)<\/strong><br \/>\nPanel moderation in the context of the conference \"Refugee Citizen, Municipal Networks and Rural Areas\", 2017<br \/>\nLanguage: german<br \/>\nLocation: City Hall Bergkamen<br \/>\n<\/div>\n\t\t<\/div><div class='yrm-btn-wrapper yrm-btn-wrapper-1 yrm-more-button-wrapper'\n\t\tdata-custom-more-class-name='' data-custom-less-class-name=''><span title='' data-less-title='' data-more-title='' class='yrm-toggle-expand  yrm-toggle-expand-1' data-rel='yrm-4DM9g' data-more='Kultursekretariate NRW (Wuppertal und G\u00fctersloh)' data-less='Weniger anzeigen'><span class='yrm-text-wrapper yrm-text-wrapper-custom-dimensions'><span class=\"yrm-button-text-1 yrm-button-text-span\">Kultursekretariate NRW (Wuppertal und G\u00fctersloh)<\/span><\/span><\/span><\/div><\/p>\n\n\n<p><div class='yrm-content yrm-content-1 yrm-content-hide' id='yrm-8sDeS' data-id='1' data-show-status='false' data-after-action='' style=\"visibility: hidden;height: 0;\">\n\t\t\t<div id='yrm-inner-content-yrm-8sDeS' class='yrm-inner-content-wrapper yrm-cntent-1'><strong>Kulturstiftung des Bundes<\/strong><\/p>\n<p>360\u00b0 Fonds f\u00fcr Kulturen der neuen Stadtgesellschaft, 2021<br \/>\nCo-Moderation der digitalen Tagung \u201eUngeduld \u2013 Auf dem Weg zu mehr Diversit\u00e4t in Kulturinstitutionen\u201c<br \/>\nLanguage: german<br \/>\nLocation: online<\/p>\n<p>360\u00b0 Akademie, 2019<br \/>\nLanguage: english<br \/>\nLocation: W. Michael Blumenthal Akademie, Berlin<\/p>\n<p>City Companions fund networking tour, 2018<br \/>\nLanguage: german<br \/>\nLocations: Union Gewerbehof Dortmund \u201eDie Urbanisten\u201c, Lutherkirche Bochum and Kitev, Kitev Kultur im Turm e. V. Oberhausen<br \/>\n<img decoding=\"async\" src=\"https:\/\/prasannaoommen.de\/wp-content\/uploads\/2021\/01\/Unknown.png\"><br \/>\n<\/div>\n\t\t<\/div><div class='yrm-btn-wrapper yrm-btn-wrapper-1 yrm-more-button-wrapper'\n\t\tdata-custom-more-class-name='' data-custom-less-class-name=''><span title='' data-less-title='' data-more-title='' class='yrm-toggle-expand  yrm-toggle-expand-1' data-rel='yrm-8sDeS' data-more='Kulturstiftung des Bundes' data-less='Weniger anzeigen'><span class='yrm-text-wrapper yrm-text-wrapper-custom-dimensions'><span class=\"yrm-button-text-1 yrm-button-text-span\">Kulturstiftung des Bundes<\/span><\/span><\/span><\/div><\/p>\n\n\n<p><div class='yrm-content yrm-content-1 yrm-content-hide' id='yrm-krt8B' data-id='1' data-show-status='false' data-after-action='' style=\"visibility: hidden;height: 0;\">\n\t\t\t<div id='yrm-inner-content-yrm-krt8B' class='yrm-inner-content-wrapper yrm-cntent-1'><strong>Kunsthalle Bremen <\/strong><br \/>\nPanel and audience discussion as part of the Public Symposium for Bremen's Urban Culture, 2019<br \/>\nLanguage: german<br \/>\nLocation: Kunsthalle Bremen<br \/>\n<img decoding=\"async\" src=\"https:\/\/prasannaoommen.de\/wp-content\/uploads\/2021\/01\/unnamed-2.png\"><br \/>\n<\/div>\n\t\t<\/div><div class='yrm-btn-wrapper yrm-btn-wrapper-1 yrm-more-button-wrapper'\n\t\tdata-custom-more-class-name='' data-custom-less-class-name=''><span title='' data-less-title='' data-more-title='' class='yrm-toggle-expand  yrm-toggle-expand-1' data-rel='yrm-krt8B' data-more='Kunsthalle Bremen' data-less='Weniger anzeigen'><span class='yrm-text-wrapper yrm-text-wrapper-custom-dimensions'><span class=\"yrm-button-text-1 yrm-button-text-span\">Kunsthalle Bremen<\/span><\/span><\/span><\/div><\/p>\n\n\n<p><div class='yrm-content yrm-content-1 yrm-content-hide' id='yrm-3kGAn' data-id='1' data-show-status='false' data-after-action='' style=\"visibility: hidden;height: 0;\">\n\t\t\t<div id='yrm-inner-content-yrm-3kGAn' class='yrm-inner-content-wrapper yrm-cntent-1'><strong>Kunstsammlung NRW<\/strong><br \/>\nOpen Space 2021 \u2013 2. Idea Workshop<br \/>\nLanguage: german<br \/>\nLocation: K21, D\u00fcsseldorf<\/p>\n<p>Open Space 2020 \u2013 Idea Workshop<br \/>\nLanguage: german<br \/>\nLocation: K21, D\u00fcsseldorf<br \/>\n<img decoding=\"async\" src=\"https:\/\/prasannaoommen.de\/wp-content\/uploads\/2021\/01\/1200px-Logo_Kunstsammlung.svg_.png\"><br \/>\n<\/div>\n\t\t<\/div><div class='yrm-btn-wrapper yrm-btn-wrapper-1 yrm-more-button-wrapper'\n\t\tdata-custom-more-class-name='' data-custom-less-class-name=''><span title='' data-less-title='' data-more-title='' class='yrm-toggle-expand  yrm-toggle-expand-1' data-rel='yrm-3kGAn' data-more='Kunstsammlung NRW' data-less='Weniger anzeigen'><span class='yrm-text-wrapper yrm-text-wrapper-custom-dimensions'><span class=\"yrm-button-text-1 yrm-button-text-span\">Kunstsammlung NRW<\/span><\/span><\/span><\/div><\/p>\n\n\n<p><div class='yrm-content yrm-content-1 yrm-content-hide' id='yrm-Qh5JL' data-id='1' data-show-status='false' data-after-action='' style=\"visibility: hidden;height: 0;\">\n\t\t\t<div id='yrm-inner-content-yrm-Qh5JL' class='yrm-inner-content-wrapper yrm-cntent-1'><strong>LAG Kinder- und Jugendkultur e.V.<\/strong><br \/>\n2. Hamburg Culture Summit \u201cwirkt\u201d, 2019<br \/>\nLanguage: german<br \/>\nLocation: Kampnagel, Hamburg<br \/>\n<img decoding=\"async\" src=\"https:\/\/prasannaoommen.de\/wp-content\/uploads\/2021\/01\/1.png\"><br \/>\n<\/div>\n\t\t<\/div><div class='yrm-btn-wrapper yrm-btn-wrapper-1 yrm-more-button-wrapper'\n\t\tdata-custom-more-class-name='' data-custom-less-class-name=''><span title='' data-less-title='' data-more-title='' class='yrm-toggle-expand  yrm-toggle-expand-1' data-rel='yrm-Qh5JL' data-more='LAG Kinder- und Jugendkultur e.V.' data-less='Weniger anzeigen'><span class='yrm-text-wrapper yrm-text-wrapper-custom-dimensions'><span class=\"yrm-button-text-1 yrm-button-text-span\">LAG Kinder- und Jugendkultur e.V.<\/span><\/span><\/span><\/div><\/p>\n\n\n<p><div class='yrm-content yrm-content-1 yrm-content-hide' id='yrm-rT4Dv' data-id='1' data-show-status='false' data-after-action='' style=\"visibility: hidden;height: 0;\">\n\t\t\t<div id='yrm-inner-content-yrm-rT4Dv' class='yrm-inner-content-wrapper yrm-cntent-1'><strong>Landesarbeitsgemeinschaft Tanz NRW<\/strong><br \/>\nAnniversary celebration: 70 Jahre LAG Tanz NRW, 2019<br \/>\nLanguage: german<br \/>\nLocation: Flottmann-Hallen, Herne<br \/>\n<img decoding=\"async\" src=\"https:\/\/prasannaoommen.de\/wp-content\/uploads\/2021\/01\/image.png\"><br \/>\n<\/div>\n\t\t<\/div><div class='yrm-btn-wrapper yrm-btn-wrapper-1 yrm-more-button-wrapper'\n\t\tdata-custom-more-class-name='' data-custom-less-class-name=''><span title='' data-less-title='' data-more-title='' class='yrm-toggle-expand  yrm-toggle-expand-1' data-rel='yrm-rT4Dv' data-more='Landesarbeitsgemeinschaft Tanz NRW' data-less='Weniger anzeigen'><span class='yrm-text-wrapper yrm-text-wrapper-custom-dimensions'><span class=\"yrm-button-text-1 yrm-button-text-span\">Landesarbeitsgemeinschaft Tanz NRW<\/span><\/span><\/span><\/div><\/p>\n\n\n<p><div class='yrm-content yrm-content-1 yrm-content-hide' id='yrm-XjsfF' data-id='1' data-show-status='false' data-after-action='' style=\"visibility: hidden;height: 0;\">\n\t\t\t<div id='yrm-inner-content-yrm-XjsfF' class='yrm-inner-content-wrapper yrm-cntent-1'><strong>Landesb\u00fcro Bildende Kunst NRW<\/strong><br \/>\n\"Traveling Artists* - A Cultural Policy Upgrade. The repositioning of international residency programs in NRW.\", 2019<br \/>\nLanguage: german<br \/>\nLocation: K\u00fcnstlerhaus Dortmund<br \/>\n<\/div>\n\t\t<\/div><div class='yrm-btn-wrapper yrm-btn-wrapper-1 yrm-more-button-wrapper'\n\t\tdata-custom-more-class-name='' data-custom-less-class-name=''><span title='' data-less-title='' data-more-title='' class='yrm-toggle-expand  yrm-toggle-expand-1' data-rel='yrm-XjsfF' data-more='Landesb\u00fcro Bildende Kunst NRW' data-less='Weniger anzeigen'><span class='yrm-text-wrapper yrm-text-wrapper-custom-dimensions'><span class=\"yrm-button-text-1 yrm-button-text-span\">Landesb\u00fcro Bildende Kunst NRW<\/span><\/span><\/span><\/div><\/p>\n\n\n<p><div class='yrm-content yrm-content-1 yrm-content-hide' id='yrm-cQLT1' data-id='1' data-show-status='false' data-after-action='' style=\"visibility: hidden;height: 0;\">\n\t\t\t<div id='yrm-inner-content-yrm-cQLT1' class='yrm-inner-content-wrapper yrm-cntent-1'><strong>Landesvereinigung Kulturelle Kinder- und Jugendbildung Sachsen-Anhalt e.V.<\/strong><br \/>\nGuest on the panel \"Significance and mission of cultural education today and for the future\", 2019<br \/>\nLanguage: german<br \/>\nLocation: Forum Gestaltung, Magdeburg<br \/>\n<\/div>\n\t\t<\/div><div class='yrm-btn-wrapper yrm-btn-wrapper-1 yrm-more-button-wrapper'\n\t\tdata-custom-more-class-name='' data-custom-less-class-name=''><span title='' data-less-title='' data-more-title='' class='yrm-toggle-expand  yrm-toggle-expand-1' data-rel='yrm-cQLT1' data-more='Landesvereinigung Kulturelle Kinder- und Jugendbildung Sachsen-Anhalt e.V.' data-less='Weniger anzeigen'><span class='yrm-text-wrapper yrm-text-wrapper-custom-dimensions'><span class=\"yrm-button-text-1 yrm-button-text-span\">Landesvereinigung Kulturelle Kinder- und Jugendbildung Sachsen-Anhalt e.V.<\/span><\/span><\/span><\/div><\/p>\n\n\n<p><div class='yrm-content yrm-content-1 yrm-content-hide' id='yrm-cCX4r' data-id='1' data-show-status='false' data-after-action='' style=\"visibility: hidden;height: 0;\">\n\t\t\t<div id='yrm-inner-content-yrm-cCX4r' class='yrm-inner-content-wrapper yrm-cntent-1'><strong>LVR &#8211; Dezernat Kultur und Landschaftliche Kulturpflege<\/strong><br \/>\nLVR - Culture Conference: \"everything remains! different? Cultural funding in change\", 2019<br \/>\nLanguage: german<br \/>\nLocation: Alte Feuerwache, Cologne<br \/>\n<\/div>\n\t\t<\/div><div class='yrm-btn-wrapper yrm-btn-wrapper-1 yrm-more-button-wrapper'\n\t\tdata-custom-more-class-name='' data-custom-less-class-name=''><span title='' data-less-title='' data-more-title='' class='yrm-toggle-expand  yrm-toggle-expand-1' data-rel='yrm-cCX4r' data-more='LVR - Dezernat Kultur und Landschaftliche Kulturpflege' data-less='Weniger anzeigen'><span class='yrm-text-wrapper yrm-text-wrapper-custom-dimensions'><span class=\"yrm-button-text-1 yrm-button-text-span\">LVR - Dezernat Kultur und Landschaftliche Kulturpflege<\/span><\/span><\/span><\/div><\/p>\n\n\n<p><div class='yrm-content yrm-content-1 yrm-content-hide' id='yrm-sKmgP' data-id='1' data-show-status='false' data-after-action='' style=\"visibility: hidden;height: 0;\">\n\t\t\t<div id='yrm-inner-content-yrm-sKmgP' class='yrm-inner-content-wrapper yrm-cntent-1'><strong>Masala Movement e.V.<\/strong><\/p>\n<p>Lesungstalk mit Julia Wadhawan zu \u00bbSag mir nicht, wer ich bin \u2013 \u00dcber die Sehnsucht nach Identit\u00e4t und die Freiheit, nirgends hineinzupassen\u00ab, 2023<br \/>\nLanguage: german<br \/>\nOrt: King Georg, K\u00f6ln<\/p>\n<p>Digital exhibition \u2013 INDERNET 2020<br \/>\nLanguage: english<br \/>\nLocation: online<br \/>\n<img decoding=\"async\" src=\"https:\/\/prasannaoommen.de\/wp-content\/uploads\/2023\/05\/Masala-Movement-logo.png\"><br \/>\n<\/div>\n\t\t<\/div><div class='yrm-btn-wrapper yrm-btn-wrapper-1 yrm-more-button-wrapper'\n\t\tdata-custom-more-class-name='' data-custom-less-class-name=''><span title='' data-less-title='' data-more-title='' class='yrm-toggle-expand  yrm-toggle-expand-1' data-rel='yrm-sKmgP' data-more='Masala Movement e.V.' data-less='Weniger anzeigen'><span class='yrm-text-wrapper yrm-text-wrapper-custom-dimensions'><span class=\"yrm-button-text-1 yrm-button-text-span\">Masala Movement e.V.<\/span><\/span><\/span><\/div><\/p>\n\n\n<p><div class='yrm-content yrm-content-1 yrm-content-hide' id='yrm-qJamL' data-id='1' data-show-status='false' data-after-action='' style=\"visibility: hidden;height: 0;\">\n\t\t\t<div id='yrm-inner-content-yrm-qJamL' class='yrm-inner-content-wrapper yrm-cntent-1'><strong>Ministerium f\u00fcr Kultur und Wissenschaft des Landes NRW<\/strong><br \/>\nPodiumsmoderation Kulturkonferenz: &#8222;Was braucht das Land als Kulturpolitik?&#8220;, 2022<br \/>\nLanguage: german<br \/>\nOrt: D\u00fcsseldorfer Schauspielhaus<br \/>\n<img decoding=\"async\" src=\"https:\/\/prasannaoommen.de\/wp-content\/uploads\/2022\/11\/Logo_MKW.png\"><br \/>\n<\/div>\n\t\t<\/div><div class='yrm-btn-wrapper yrm-btn-wrapper-1 yrm-more-button-wrapper'\n\t\tdata-custom-more-class-name='' data-custom-less-class-name=''><span title='' data-less-title='' data-more-title='' class='yrm-toggle-expand  yrm-toggle-expand-1' data-rel='yrm-qJamL' data-more='Ministerium f\u00fcr Kultur und Wissenschaft des Landes NRW' data-less='Weniger anzeigen'><span class='yrm-text-wrapper yrm-text-wrapper-custom-dimensions'><span class=\"yrm-button-text-1 yrm-button-text-span\">Ministerium f\u00fcr Kultur und Wissenschaft des Landes NRW<\/span><\/span><\/span><\/div><\/p>\n\n\n<p><div class='yrm-content yrm-content-1 yrm-content-hide' id='yrm-jwzbO' data-id='1' data-show-status='false' data-after-action='' style=\"visibility: hidden;height: 0;\">\n\t\t\t<div id='yrm-inner-content-yrm-jwzbO' class='yrm-inner-content-wrapper yrm-cntent-1'><strong>Museum Ludwig<\/strong><br \/>\nModeration der Ausstellungser\u00f6ffnung \u201eUrsula \u2013 Das bin ich. Na und?\u201c, 2023<br \/>\nLanguage: german<br \/>\nLocation: Museum Ludwig, Cologne<\/p>\n<p>Podiumsmoderation: \u201eKultur &amp; Klima: Vision 2025 \u2013 Klartext f\u00fcr gr\u00fcne Kultur\u201c, 2022<br \/>\nLanguage: german<br \/>\nLocation: online<\/p>\n<p>Image and Counter-Image: Roundtable Discussion on the Otto M\u00fcller Collection Presentation, 2020<br \/>\nLanguage: german<br \/>\nLocation: Filmforum NRW, Cinema at the Museum Ludwig, Cologne<\/p>\n<p><img decoding=\"async\" src=\"https:\/\/prasannaoommen.de\/wp-content\/uploads\/2021\/01\/image-1.png\"><br \/>\n<\/div>\n\t\t<\/div><div class='yrm-btn-wrapper yrm-btn-wrapper-1 yrm-more-button-wrapper'\n\t\tdata-custom-more-class-name='' data-custom-less-class-name=''><span title='' data-less-title='' data-more-title='' class='yrm-toggle-expand  yrm-toggle-expand-1' data-rel='yrm-jwzbO' data-more='Museum Ludwig' data-less='Weniger anzeigen'><span class='yrm-text-wrapper yrm-text-wrapper-custom-dimensions'><span class=\"yrm-button-text-1 yrm-button-text-span\">Museum Ludwig<\/span><\/span><\/span><\/div><\/p>\n\n\n<p><div class='yrm-content yrm-content-1 yrm-content-hide' id='yrm-7YzLR' data-id='1' data-show-status='false' data-after-action='' style=\"visibility: hidden;height: 0;\">\n\t\t\t<div id='yrm-inner-content-yrm-7YzLR' class='yrm-inner-content-wrapper yrm-cntent-1'><strong>Naturpark Rheinland<\/strong><br \/>\nLecture \"Where are you? Reaching new networks and target groups with targeted communication\", 2017<br \/>\nLanguage: german<br \/>\nLocation: Gymnicher M\u00fchle<br \/>\n<\/div>\n\t\t<\/div><div class='yrm-btn-wrapper yrm-btn-wrapper-1 yrm-more-button-wrapper'\n\t\tdata-custom-more-class-name='' data-custom-less-class-name=''><span title='' data-less-title='' data-more-title='' class='yrm-toggle-expand  yrm-toggle-expand-1' data-rel='yrm-7YzLR' data-more='Naturpark Rheinland' data-less='Weniger anzeigen'><span class='yrm-text-wrapper yrm-text-wrapper-custom-dimensions'><span class=\"yrm-button-text-1 yrm-button-text-span\">Naturpark Rheinland<\/span><\/span><\/span><\/div><\/p>\n\n\n<p><div class='yrm-content yrm-content-1 yrm-content-hide' id='yrm-L0CJz' data-id='1' data-show-status='false' data-after-action='' style=\"visibility: hidden;height: 0;\">\n\t\t\t<div id='yrm-inner-content-yrm-L0CJz' class='yrm-inner-content-wrapper yrm-cntent-1'><strong>Netzwerk Junge Ohren e. V.<\/strong><br \/>\nProfessional meeting \"Culture &amp; Identity: On Role Models in Cultural Education\", 2018<br \/>\nLanguage: german<br \/>\nLocation: Speicherb\u00fchne Bremen<br \/>\n<\/div>\n\t\t<\/div><div class='yrm-btn-wrapper yrm-btn-wrapper-1 yrm-more-button-wrapper'\n\t\tdata-custom-more-class-name='' data-custom-less-class-name=''><span title='' data-less-title='' data-more-title='' class='yrm-toggle-expand  yrm-toggle-expand-1' data-rel='yrm-L0CJz' data-more='Netzwerk Junge Ohren e. V.' data-less='Weniger anzeigen'><span class='yrm-text-wrapper yrm-text-wrapper-custom-dimensions'><span class=\"yrm-button-text-1 yrm-button-text-span\">Netzwerk Junge Ohren e. V.<\/span><\/span><\/span><\/div><\/p>\n\n\n<p><div class='yrm-content yrm-content-1 yrm-content-hide' id='yrm-2AfQR' data-id='1' data-show-status='false' data-after-action='' style=\"visibility: hidden;height: 0;\">\n\t\t\t<div id='yrm-inner-content-yrm-2AfQR' class='yrm-inner-content-wrapper yrm-cntent-1'><strong>Netzwerk Junge Ohren e. V.<\/strong><br \/>\nModeration Jahrestagung &#8222;Diversit\u00e4t und musikalische Vielfalt in der Kita&#8220;, 2023<br \/>\nLanguage: german<br \/>\nOrt: RomaNEum Neuss<br \/>\n<img decoding=\"async\" src=\"https:\/\/prasannaoommen.de\/wp-content\/uploads\/2023\/05\/netwerkkitamusik-logo.png\"><br \/>\n<\/div>\n\t\t<\/div><div class='yrm-btn-wrapper yrm-btn-wrapper-1 yrm-more-button-wrapper'\n\t\tdata-custom-more-class-name='' data-custom-less-class-name=''><span title='' data-less-title='' data-more-title='' class='yrm-toggle-expand  yrm-toggle-expand-1' data-rel='yrm-2AfQR' data-more='Netzwerk Kitamusik NRW' data-less='Weniger anzeigen'><span class='yrm-text-wrapper yrm-text-wrapper-custom-dimensions'><span class=\"yrm-button-text-1 yrm-button-text-span\">Netzwerk Kitamusik NRW<\/span><\/span><\/span><\/div><\/p>\n\n\n<p><div class='yrm-content yrm-content-1 yrm-content-hide' id='yrm-fb16E' data-id='1' data-show-status='false' data-after-action='' style=\"visibility: hidden;height: 0;\">\n\t\t\t<div id='yrm-inner-content-yrm-fb16E' class='yrm-inner-content-wrapper yrm-cntent-1'><strong>Neue Deutsche Medienmacher*innen e.V.<\/strong><br \/>\nPanel discussion as part of the Digital Kick-Off \u201eNdM-Mentor*innenprogramm goes Ruhrgebiet\u201c, 2020<br \/>\nLanguage: german<br \/>\nLocation: online<br \/>\n<img decoding=\"async\" src=\"https:\/\/prasannaoommen.de\/wp-content\/uploads\/2021\/01\/ndm_logo_kurz_facebook.jpg\"><br \/>\n<\/div>\n\t\t<\/div><div class='yrm-btn-wrapper yrm-btn-wrapper-1 yrm-more-button-wrapper'\n\t\tdata-custom-more-class-name='' data-custom-less-class-name=''><span title='' data-less-title='' data-more-title='' class='yrm-toggle-expand  yrm-toggle-expand-1' data-rel='yrm-fb16E' data-more='Neue Deutsche Medienmacher*innen e.V.' data-less='Weniger anzeigen'><span class='yrm-text-wrapper yrm-text-wrapper-custom-dimensions'><span class=\"yrm-button-text-1 yrm-button-text-span\">Neue Deutsche Medienmacher*innen e.V.<\/span><\/span><\/span><\/div><\/p>\n\n\n<p><div class='yrm-content yrm-content-1 yrm-content-hide' id='yrm-3uxSn' data-id='1' data-show-status='false' data-after-action='' style=\"visibility: hidden;height: 0;\">\n\t\t\t<div id='yrm-inner-content-yrm-3uxSn' class='yrm-inner-content-wrapper yrm-cntent-1'><strong>NRW Forum<\/strong><br \/>\nIt's tech time! Multisensory travel, 2020<br \/>\nLanguage: german\/english<br \/>\nLocation: online<\/p>\n<p>It\u2019s tech time! K\u00fcnstliche Intelligenz &amp; Kunst, 2021<br \/>\nLanguage: german\/english<br \/>\nLocation: online<br \/>\n<\/div>\n\t\t<\/div><div class='yrm-btn-wrapper yrm-btn-wrapper-1 yrm-more-button-wrapper'\n\t\tdata-custom-more-class-name='' data-custom-less-class-name=''><span title='' data-less-title='' data-more-title='' class='yrm-toggle-expand  yrm-toggle-expand-1' data-rel='yrm-3uxSn' data-more='NRW Forum' data-less='Weniger anzeigen'><span class='yrm-text-wrapper yrm-text-wrapper-custom-dimensions'><span class=\"yrm-button-text-1 yrm-button-text-span\">NRW Forum<\/span><\/span><\/span><\/div><\/p>\n\n\n<p><div class='yrm-content yrm-content-1 yrm-content-hide' id='yrm-3OmU7' data-id='1' data-show-status='false' data-after-action='' style=\"visibility: hidden;height: 0;\">\n\t\t\t<div id='yrm-inner-content-yrm-3OmU7' class='yrm-inner-content-wrapper yrm-cntent-1'><strong>NRW KULTURsekretariat Wuppertal<\/strong><br \/>\nPodiumsmoderation: \u201eMacht und Struktur in Kultureinrichtungen\u201c, 2022<br \/>\nSprache:  deutsch<br \/>\nLocation: online<\/p>\n<p><img decoding=\"async\" src=\"https:\/\/prasannaoommen.de\/wp-content\/uploads\/2022\/11\/logo_nrw-kultursekretariat.png\"><br \/>\n<\/div>\n\t\t<\/div><div class='yrm-btn-wrapper yrm-btn-wrapper-1 yrm-more-button-wrapper'\n\t\tdata-custom-more-class-name='' data-custom-less-class-name=''><span title='' data-less-title='' data-more-title='' class='yrm-toggle-expand  yrm-toggle-expand-1' data-rel='yrm-3OmU7' data-more='NRW KULTURsekretariat Wuppertal' data-less='Weniger anzeigen'><span class='yrm-text-wrapper yrm-text-wrapper-custom-dimensions'><span class=\"yrm-button-text-1 yrm-button-text-span\">NRW KULTURsekretariat Wuppertal<\/span><\/span><\/span><\/div><\/p>\n\n\n<p><div class='yrm-content yrm-content-1 yrm-content-hide' id='yrm-yjYsp' data-id='1' data-show-status='false' data-after-action='' style=\"visibility: hidden;height: 0;\">\n\t\t\t<div id='yrm-inner-content-yrm-yjYsp' class='yrm-inner-content-wrapper yrm-cntent-1'><strong>Pina Bausch Foundation<\/strong><br \/>\nMeet the Fellows 2019\/2020, 2020<br \/>\nLanguage: english<br \/>\nLocation: Ehemaliges Schauspielhaus Wuppertal<\/p>\n<p>Pina Bausch Editions &#8211; Palermo Palermo, 2019<br \/>\nLanguage: german<br \/>\nLocation: Ehemaliges Schauspielhaus Wuppertal<\/p>\n<p>Meet the Fellows! Closing event of the Fellows 2018 and welcome of the Fellows 2019, 2019<br \/>\nLanguage: german\/english<br \/>\nLocation: Schauspielhaus Wuppertal<br \/>\n<img decoding=\"async\" src=\"https:\/\/prasannaoommen.de\/wp-content\/uploads\/2021\/01\/11512152_640x640.png\"><br \/>\n<\/div>\n\t\t<\/div><div class='yrm-btn-wrapper yrm-btn-wrapper-1 yrm-more-button-wrapper'\n\t\tdata-custom-more-class-name='' data-custom-less-class-name=''><span title='' data-less-title='' data-more-title='' class='yrm-toggle-expand  yrm-toggle-expand-1' data-rel='yrm-yjYsp' data-more='Pina Bausch Foundation' data-less='Weniger anzeigen'><span class='yrm-text-wrapper yrm-text-wrapper-custom-dimensions'><span class=\"yrm-button-text-1 yrm-button-text-span\">Pina Bausch Foundation<\/span><\/span><\/span><\/div><\/p>\n\n\n<p><div class='yrm-content yrm-content-1 yrm-content-hide' id='yrm-8RSBv' data-id='1' data-show-status='false' data-after-action='' style=\"visibility: hidden;height: 0;\">\n\t\t\t<div id='yrm-inner-content-yrm-8RSBv' class='yrm-inner-content-wrapper yrm-cntent-1'><strong>Regionalverband Ruhr<\/strong><br \/>\n8th Ruhr Cultural Conference: \"Digital Transformation - Cultural Potentials of Technology\", 2019<br \/>\nLanguage: german<br \/>\nLocation: Dortmunder U, Essen<\/p>\n<p>Panel moderation at the Kulturkonferenz Ruhr 2018<br \/>\nLocation: Landschaftpark Duisburg-Nord<br \/>\n<\/div>\n\t\t<\/div><div class='yrm-btn-wrapper yrm-btn-wrapper-1 yrm-more-button-wrapper'\n\t\tdata-custom-more-class-name='' data-custom-less-class-name=''><span title='' data-less-title='' data-more-title='' class='yrm-toggle-expand  yrm-toggle-expand-1' data-rel='yrm-8RSBv' data-more='Regionalverband Ruhr' data-less='Weniger anzeigen'><span class='yrm-text-wrapper yrm-text-wrapper-custom-dimensions'><span class=\"yrm-button-text-1 yrm-button-text-span\">Regionalverband Ruhr<\/span><\/span><\/span><\/div><\/p>\n\n\n<p><div class='yrm-content yrm-content-1 yrm-content-hide' id='yrm-ewgjh' data-id='1' data-show-status='false' data-after-action='' style=\"visibility: hidden;height: 0;\">\n\t\t\t<div id='yrm-inner-content-yrm-ewgjh' class='yrm-inner-content-wrapper yrm-cntent-1'><strong>Schauspielhaus Bochum<\/strong><br \/>\nModeration der Talkreihe &#8222;Oval Talk &#8211; Gespr\u00e4che zum Verst\u00e4ndnis unserer Zeit&#8220;, 2023<br \/>\nLanguage: german<br \/>\nOrt: Oval Office, Bochum<br \/>\n<img decoding=\"async\" src=\"https:\/\/prasannaoommen.de\/wp-content\/uploads\/2023\/02\/logo-schauspielhaus-bochum.png\"><br \/>\n<\/div>\n\t\t<\/div><div class='yrm-btn-wrapper yrm-btn-wrapper-1 yrm-more-button-wrapper'\n\t\tdata-custom-more-class-name='' data-custom-less-class-name=''><span title='' data-less-title='' data-more-title='' class='yrm-toggle-expand  yrm-toggle-expand-1' data-rel='yrm-ewgjh' data-more='Schauspielhaus Bochum' data-less='Weniger anzeigen'><span class='yrm-text-wrapper yrm-text-wrapper-custom-dimensions'><span class=\"yrm-button-text-1 yrm-button-text-span\">Schauspielhaus Bochum<\/span><\/span><\/span><\/div><\/p>\n\n\n<p><div class='yrm-content yrm-content-1 yrm-content-hide' id='yrm-WKaow' data-id='1' data-show-status='false' data-after-action='' style=\"visibility: hidden;height: 0;\">\n\t\t\t<div id='yrm-inner-content-yrm-WKaow' class='yrm-inner-content-wrapper yrm-cntent-1'><strong>SPD-Fraktion im Landtag<\/strong><br \/>\nDiscussion moderation at the annual kick-off conference of the SPD parliamentary group in the NRW state parliament: thematic forum #ZusammenWachsen, 2020<br \/>\nLanguage: german<br \/>\nLocation: Landtag NRW, D\u00fcsseldorf<\/p>\n<p>Night-time reading \u2013 Public readings in the NRW state parliament<br \/>\nLanguage: german<br \/>\nLocation: Fraktionssaal der SPD-Fraktion im Landtag NRW<br \/>\n<\/div>\n\t\t<\/div><div class='yrm-btn-wrapper yrm-btn-wrapper-1 yrm-more-button-wrapper'\n\t\tdata-custom-more-class-name='' data-custom-less-class-name=''><span title='' data-less-title='' data-more-title='' class='yrm-toggle-expand  yrm-toggle-expand-1' data-rel='yrm-WKaow' data-more='SPD-Fraktion im Landtag' data-less='Weniger anzeigen'><span class='yrm-text-wrapper yrm-text-wrapper-custom-dimensions'><span class=\"yrm-button-text-1 yrm-button-text-span\">SPD-Fraktion im Landtag<\/span><\/span><\/span><\/div><\/p>\n\n\n<p><div class='yrm-content yrm-content-1 yrm-content-hide' id='yrm-swNmd' data-id='1' data-show-status='false' data-after-action='' style=\"visibility: hidden;height: 0;\">\n\t\t\t<div id='yrm-inner-content-yrm-swNmd' class='yrm-inner-content-wrapper yrm-cntent-1'><strong>Stadt K\u00f6ln<\/strong><br \/>\nModeration des Symposiums \u201e100 Prozent Teilzeit \u2013 Zu innovativen Arbeitszeitmodellen zur Fachkr\u00e4ftesicherung\u201c, 2023<br \/>\nLanguage: german<br \/>\nOrt: KOMED im MediaPark<\/p>\n<p><\/div>\n\t\t<\/div><div class='yrm-btn-wrapper yrm-btn-wrapper-1 yrm-more-button-wrapper'\n\t\tdata-custom-more-class-name='' data-custom-less-class-name=''><span title='' data-less-title='' data-more-title='' class='yrm-toggle-expand  yrm-toggle-expand-1' data-rel='yrm-swNmd' data-more='Stadt K\u00f6ln' data-less='Weniger anzeigen'><span class='yrm-text-wrapper yrm-text-wrapper-custom-dimensions'><span class=\"yrm-button-text-1 yrm-button-text-span\">Stadt K\u00f6ln<\/span><\/span><\/span><\/div><\/p>\n\n\n<p><div class='yrm-content yrm-content-1 yrm-content-hide' id='yrm-ZjcL7' data-id='1' data-show-status='false' data-after-action='' style=\"visibility: hidden;height: 0;\">\n\t\t\t<div id='yrm-inner-content-yrm-ZjcL7' class='yrm-inner-content-wrapper yrm-cntent-1'><strong>Foundation Humboldt Forum<\/strong><br \/>\nHosting three panel sessions as part of the \"99 Questions\" discourse series, 2021<br \/>\nLanguage: english<br \/>\nLocation: Berlin<br \/>\n<img decoding=\"async\" src=\"https:\/\/prasannaoommen.de\/wp-content\/uploads\/2021\/04\/1200px-HF_Logo_quer_rgb-01.svg_.png\"><br \/>\n<\/div>\n\t\t<\/div><div class='yrm-btn-wrapper yrm-btn-wrapper-1 yrm-more-button-wrapper'\n\t\tdata-custom-more-class-name='' data-custom-less-class-name=''><span title='' data-less-title='' data-more-title='' class='yrm-toggle-expand  yrm-toggle-expand-1' data-rel='yrm-ZjcL7' data-more='Stiftung Humboldt Forum' data-less='Weniger anzeigen'><span class='yrm-text-wrapper yrm-text-wrapper-custom-dimensions'><span class=\"yrm-button-text-1 yrm-button-text-span\">Foundation Humboldt Forum<\/span><\/span><\/span><\/div><\/p>\n\n\n<p><div class='yrm-content yrm-content-1 yrm-content-hide' id='yrm-jKCPq' data-id='1' data-show-status='false' data-after-action='' style=\"visibility: hidden;height: 0;\">\n\t\t\t<div id='yrm-inner-content-yrm-jKCPq' class='yrm-inner-content-wrapper yrm-cntent-1'><strong>Stiftung Kunstsammlung NRW<\/strong><br \/>\nPanel discussion and audience talk \"Cultural institutions as third places\", 2019<br \/>\nLanguage: english\/german<br \/>\nLocation: Museum K 20, D\u00fcsseldorf<br \/>\n<img decoding=\"async\" src=\"https:\/\/prasannaoommen.de\/wp-content\/uploads\/2021\/01\/1200px-Logo_Kunstsammlung.svg_.png\"><br \/>\n<\/div>\n\t\t<\/div><div class='yrm-btn-wrapper yrm-btn-wrapper-1 yrm-more-button-wrapper'\n\t\tdata-custom-more-class-name='' data-custom-less-class-name=''><span title='' data-less-title='' data-more-title='' class='yrm-toggle-expand  yrm-toggle-expand-1' data-rel='yrm-jKCPq' data-more='Stiftung Kunstsammlung NRW' data-less='Weniger anzeigen'><span class='yrm-text-wrapper yrm-text-wrapper-custom-dimensions'><span class=\"yrm-button-text-1 yrm-button-text-span\">Stiftung Kunstsammlung NRW<\/span><\/span><\/span><\/div><\/p>\n\n\n<p><div class='yrm-content yrm-content-1 yrm-content-hide' id='yrm-vcP4p' data-id='1' data-show-status='false' data-after-action='' style=\"visibility: hidden;height: 0;\">\n\t\t\t<div id='yrm-inner-content-yrm-vcP4p' class='yrm-inner-content-wrapper yrm-cntent-1'><strong>Stiftung Mercator<\/strong><br \/>\nPanel discussion Mercator Salon \"Cultural Education &amp; Social Cohesion\", 2017<br \/>\nLanguage: german<br \/>\nLocation: Carl-Schmidt-Saal, Stiftung Mercator, Essen<br \/>\n<img decoding=\"async\" src=\"https:\/\/prasannaoommen.de\/wp-content\/uploads\/2021\/01\/Stiftung_Mercator_Logo.svg_.png\"><br \/>\n<\/div>\n\t\t<\/div><div class='yrm-btn-wrapper yrm-btn-wrapper-1 yrm-more-button-wrapper'\n\t\tdata-custom-more-class-name='' data-custom-less-class-name=''><span title='' data-less-title='' data-more-title='' class='yrm-toggle-expand  yrm-toggle-expand-1' data-rel='yrm-vcP4p' data-more='Stiftung Mercator' data-less='Weniger anzeigen'><span class='yrm-text-wrapper yrm-text-wrapper-custom-dimensions'><span class=\"yrm-button-text-1 yrm-button-text-span\">Stiftung Mercator<\/span><\/span><\/span><\/div><\/p>\n\n\n<p><div class='yrm-content yrm-content-1 yrm-content-hide' id='yrm-oNw7S' data-id='1' data-show-status='false' data-after-action='' style=\"visibility: hidden;height: 0;\">\n\t\t\t<div id='yrm-inner-content-yrm-oNw7S' class='yrm-inner-content-wrapper yrm-cntent-1'><strong>Tr\u00e4gergemeinschaft Bremer Diversity Preis<\/strong><br \/>\n10th anniversary of the \"Bremen Diversity Award\" - Anniversary and award ceremony, 2019<br \/>\nLanguage: german<br \/>\nLocation: Obere Rathaushalle, Bremen<br \/>\n<\/div>\n\t\t<\/div><div class='yrm-btn-wrapper yrm-btn-wrapper-1 yrm-more-button-wrapper'\n\t\tdata-custom-more-class-name='' data-custom-less-class-name=''><span title='' data-less-title='' data-more-title='' class='yrm-toggle-expand  yrm-toggle-expand-1' data-rel='yrm-oNw7S' data-more='Tr\u00e4gergemeinschaft Bremer Diversity Preis' data-less='Weniger anzeigen'><span class='yrm-text-wrapper yrm-text-wrapper-custom-dimensions'><span class=\"yrm-button-text-1 yrm-button-text-span\">Tr\u00e4gergemeinschaft Bremer Diversity Preis<\/span><\/span><\/span><\/div><\/p>\n\n\n<p><div class='yrm-content yrm-content-1 yrm-content-hide' id='yrm-51Gjc' data-id='1' data-show-status='false' data-after-action='' style=\"visibility: hidden;height: 0;\">\n\t\t\t<div id='yrm-inner-content-yrm-51Gjc' class='yrm-inner-content-wrapper yrm-cntent-1'><strong>Urbane K\u00fcnste Ruhr und Interkultur Ruhr<\/strong><br \/>\nPanel discussion and audience talk in the context of Wandersalon 7: Only edge - no middle?, 2018<br \/>\nLanguage: german<br \/>\nLocation: Zentralbibliothek Duisburg<br \/>\n<\/div>\n\t\t<\/div><div class='yrm-btn-wrapper yrm-btn-wrapper-1 yrm-more-button-wrapper'\n\t\tdata-custom-more-class-name='' data-custom-less-class-name=''><span title='' data-less-title='' data-more-title='' class='yrm-toggle-expand  yrm-toggle-expand-1' data-rel='yrm-51Gjc' data-more='Urbane K\u00fcnste Ruhr und Interkultur Ruhr' data-less='Weniger anzeigen'><span class='yrm-text-wrapper yrm-text-wrapper-custom-dimensions'><span class=\"yrm-button-text-1 yrm-button-text-span\">Urbane K\u00fcnste Ruhr und Interkultur Ruhr<\/span><\/span><\/span><\/div><\/p>\n\n\n<p><div class='yrm-content yrm-content-1 yrm-content-hide' id='yrm-JlCD3' data-id='1' data-show-status='false' data-after-action='' style=\"visibility: hidden;height: 0;\">\n\t\t\t<div id='yrm-inner-content-yrm-JlCD3' class='yrm-inner-content-wrapper yrm-cntent-1'><strong> Westdeutscher Rundfunk <\/strong><br \/>\nPanel discussion as part of the WDR 3 Cultural Policy Forum: \"Smartphones, E-book, Tablet &amp; Co. - Tools of the Cultural (Educational) Process. The future of cultural institutions in a digital world\", 2019<br \/>\nLanguage: german<br \/>\nLocation: WDR Funkhaus, Cologne<br \/>\n<img decoding=\"async\" src=\"https:\/\/prasannaoommen.de\/wp-content\/uploads\/2021\/01\/91da32343a48eedff78867fc7114e6cb.png\"><br \/>\n<\/div>\n\t\t<\/div><div class='yrm-btn-wrapper yrm-btn-wrapper-1 yrm-more-button-wrapper'\n\t\tdata-custom-more-class-name='' data-custom-less-class-name=''><span title='' data-less-title='' data-more-title='' class='yrm-toggle-expand  yrm-toggle-expand-1' data-rel='yrm-JlCD3' data-more='Westdeutscher Rundfunk' data-less='Weniger anzeigen'><span class='yrm-text-wrapper yrm-text-wrapper-custom-dimensions'><span class=\"yrm-button-text-1 yrm-button-text-span\">Westdeutscher Rundfunk<\/span><\/span><\/span><\/div><\/p>\n\n\n<p><div class='yrm-content yrm-content-1 yrm-content-hide' id='yrm-STGCz' data-id='1' data-show-status='false' data-after-action='' style=\"visibility: hidden;height: 0;\">\n\t\t\t<div id='yrm-inner-content-yrm-STGCz' class='yrm-inner-content-wrapper yrm-cntent-1'><strong> Wirtschaftsforum der SPD e.V. <\/strong><br \/>\nPanel discussion at the Digital Conference-NRW \"Hydrogen - Building Block or Key for a Successful Energy Transition and Sustainable Industry?\", 2020<br \/>\nLanguage: german<br \/>\nLocation: online<br \/>\n<\/div>\n\t\t<\/div><div class='yrm-btn-wrapper yrm-btn-wrapper-1 yrm-more-button-wrapper'\n\t\tdata-custom-more-class-name='' data-custom-less-class-name=''><span title='' data-less-title='' data-more-title='' class='yrm-toggle-expand  yrm-toggle-expand-1' data-rel='yrm-STGCz' data-more='Wirtschaftsforum der SPD e.V.' data-less='Weniger anzeigen'><span class='yrm-text-wrapper yrm-text-wrapper-custom-dimensions'><span class=\"yrm-button-text-1 yrm-button-text-span\">Wirtschaftsforum der SPD e.V.<\/span><\/span><\/span><\/div><\/p>\n\n\n<p><div class='yrm-content yrm-content-1 yrm-content-hide' id='yrm-ARsU5' data-id='1' data-show-status='false' data-after-action='' style=\"visibility: hidden;height: 0;\">\n\t\t\t<div id='yrm-inner-content-yrm-ARsU5' class='yrm-inner-content-wrapper yrm-cntent-1'><strong> Zentrum f\u00fcr Kulturelle Teilhabe Baden-W\u00fcrttemberg<\/strong><br \/>\nModeration des Kick-Offs, 2021<br \/>\nLanguage: german<br \/>\nLocation: online<br \/>\n<img decoding=\"async\" src=\"https:\/\/prasannaoommen.de\/wp-content\/uploads\/2022\/11\/Logo_Zentrum-fuer-Kulturelle-Teilhabe.png\"><br \/>\n<\/div>\n\t\t<\/div><div class='yrm-btn-wrapper yrm-btn-wrapper-1 yrm-more-button-wrapper'\n\t\tdata-custom-more-class-name='' data-custom-less-class-name=''><span title='' data-less-title='' data-more-title='' class='yrm-toggle-expand  yrm-toggle-expand-1' data-rel='yrm-ARsU5' data-more='Zentrum f\u00fcr Kulturelle Teilhabe Baden-W\u00fcrttemberg' data-less='Weniger anzeigen'><span class='yrm-text-wrapper yrm-text-wrapper-custom-dimensions'><span class=\"yrm-button-text-1 yrm-button-text-span\">Zentrum f\u00fcr Kulturelle Teilhabe Baden-W\u00fcrttemberg<\/span><\/span><\/span><\/div><\/p>\n\n\n<p><div class='yrm-content yrm-content-1 yrm-content-hide' id='yrm-yIE1h' data-id='1' data-show-status='false' data-after-action='' style=\"visibility: hidden;height: 0;\">\n\t\t\t<div id='yrm-inner-content-yrm-yIE1h' class='yrm-inner-content-wrapper yrm-cntent-1'><strong> Zentrum f\u00fcr Peripherie<\/strong><br \/>\nConference: \"Infinite degrees of freedom - in public space\", 2020<br \/>\nLanguage: german<br \/>\nLocation: Am Wittenberger Weg, D\u00fcsseldorf-Garath<br \/>\n<img decoding=\"async\" src=\"https:\/\/prasannaoommen.de\/wp-content\/uploads\/2021\/01\/logo1_500.png\"><br \/>\n<\/div>\n\t\t<\/div><div class='yrm-btn-wrapper yrm-btn-wrapper-1 yrm-more-button-wrapper'\n\t\tdata-custom-more-class-name='' data-custom-less-class-name=''><span title='' data-less-title='' data-more-title='' class='yrm-toggle-expand  yrm-toggle-expand-1' data-rel='yrm-yIE1h' data-more='Zentrum f\u00fcr Peripherie' data-less='Weniger anzeigen'><span class='yrm-text-wrapper yrm-text-wrapper-custom-dimensions'><span class=\"yrm-button-text-1 yrm-button-text-span\">Zentrum f\u00fcr Peripherie<\/span><\/span><\/span><\/div><\/p>\n\n\n<p><div class='yrm-content yrm-content-1 yrm-content-hide' id='yrm-e1G6B' data-id='1' data-show-status='false' data-after-action='' style=\"visibility: hidden;height: 0;\">\n\t\t\t<div id='yrm-inner-content-yrm-e1G6B' class='yrm-inner-content-wrapper yrm-cntent-1'><strong> Zukunftsakademie NRW<\/strong><br \/>\nExpert talk Diversity Matters: \u201eCultural Leadership Brunch\u201c, 2019<br \/>\nLanguage: english<br \/>\nLocation: Museum Ludwig, Cologne<\/p>\n<p>Author talk with Bj\u00f6rn Bicker in the context of the reading \"Urban Prayers\", 2016<br \/>\nLanguage: german<br \/>\nLocation: Zukunftsakademie NRW<\/p>\n<p>Future lab Wuppertal, 2015<br \/>\nLanguage: german<br \/>\nLocation: Lutherkirche Wuppertal<br \/>\n<\/div>\n\t\t<\/div><div class='yrm-btn-wrapper yrm-btn-wrapper-1 yrm-more-button-wrapper'\n\t\tdata-custom-more-class-name='' data-custom-less-class-name=''><span title='' data-less-title='' data-more-title='' class='yrm-toggle-expand  yrm-toggle-expand-1' data-rel='yrm-e1G6B' data-more='Zukunftsakademie NRW' data-less='Weniger anzeigen'><span class='yrm-text-wrapper yrm-text-wrapper-custom-dimensions'><span class=\"yrm-button-text-1 yrm-button-text-span\">Zukunftsakademie NRW<\/span><\/span><\/span><\/div><\/p>\n\n\n<p><div class='yrm-content yrm-content-1 yrm-content-hide' id='yrm-A4H1h' data-id='1' data-show-status='false' data-after-action='' style=\"visibility: hidden;height: 0;\">\n\t\t\t<div id='yrm-inner-content-yrm-A4H1h' class='yrm-inner-content-wrapper yrm-cntent-1'><strong> 2 Pilots Filmproduktion<\/strong><br \/>\nDubbing of the documentary \u201eIch Und Die Anderen und Die Medien\u201c, 2010<br \/>\nLanguage: german<br \/>\nLocation: Cologne<br \/>\n<\/div>\n\t\t<\/div><div class='yrm-btn-wrapper yrm-btn-wrapper-1 yrm-more-button-wrapper'\n\t\tdata-custom-more-class-name='' data-custom-less-class-name=''><span title='' data-less-title='' data-more-title='' class='yrm-toggle-expand  yrm-toggle-expand-1' data-rel='yrm-A4H1h' data-more='2 Pilots Filmproduktion' data-less='Weniger anzeigen'><span class='yrm-text-wrapper yrm-text-wrapper-custom-dimensions'><span class=\"yrm-button-text-1 yrm-button-text-span\">2 Pilots Filmproduktion<\/span><\/span><\/span><\/div><\/p>\n\n\n\n<p>             <\/div>\n        <\/div>","protected":false},"excerpt":{"rendered":"<p>Moderieren kann viel mehr bedeuten, als einige Stunden kluge Fragen zu stellen und dem Publikum eine kurzweilige Zeit zu bereiten. Jede Moderation birgt die Chance, die politische Praxis des Zuh\u00f6rens zu bef\u00f6rdern, neue Verbindungen herzustellen und K\u00f6pfe in Bewegung zu versetzen. Um aktiv strukturelle Ver\u00e4nderungsprozesse oder l\u00e4ngst \u00fcberf\u00e4llige Ma\u00dfnahmen mit voranzutreiben.Moderation hei\u00dft f\u00fcr uns darum,&hellip;<\/p>","protected":false},"author":1,"featured_media":104,"parent":0,"menu_order":0,"comment_status":"closed","ping_status":"closed","template":"","meta":{"footnotes":""},"class_list":["post-33","page","type-page","status-publish","has-post-thumbnail","hentry","comments-closed","no-comments"],"yoast_head":"<!-- This site is optimized with the Yoast SEO plugin v27.5 - https:\/\/yoast.com\/product\/yoast-seo-wordpress\/ -->\n<title>Moderation Prasanna Oommen - Moderating Change<\/title>\n<meta name=\"description\" content=\"Ob strukturelle Prozesse oder Veranstaltungen in Kultur- &amp; Bildungsinstitutionen. Prasanna Oommens Moderation f\u00fchrt Gespr\u00e4che einen Schritt weiter.\" \/>\n<meta name=\"robots\" content=\"index, follow, max-snippet:-1, max-image-preview:large, max-video-preview:-1\" \/>\n<link rel=\"canonical\" href=\"https:\/\/prasannaoommen.de\/en\/moderation\/\" \/>\n<meta property=\"og:locale\" content=\"en_GB\" \/>\n<meta property=\"og:type\" content=\"article\" \/>\n<meta property=\"og:title\" content=\"Moderation Prasanna Oommen - Moderating Change\" \/>\n<meta property=\"og:description\" content=\"Ob strukturelle Prozesse oder Veranstaltungen in Kultur- &amp; Bildungsinstitutionen. Prasanna Oommens Moderation f\u00fchrt Gespr\u00e4che einen Schritt weiter.\" \/>\n<meta property=\"og:url\" content=\"https:\/\/prasannaoommen.de\/en\/moderation\/\" \/>\n<meta property=\"og:site_name\" content=\"Prasanna Oommen\" \/>\n<meta property=\"article:modified_time\" content=\"2025-12-09T15:59:50+00:00\" \/>\n<meta property=\"og:image\" content=\"https:\/\/prasannaoommen.de\/wp-content\/uploads\/2020\/03\/moderation_head.jpg\" \/>\n\t<meta property=\"og:image:width\" content=\"2000\" \/>\n\t<meta property=\"og:image:height\" content=\"550\" \/>\n\t<meta property=\"og:image:type\" content=\"image\/jpeg\" \/>\n<meta name=\"twitter:card\" content=\"summary_large_image\" \/>\n<meta name=\"twitter:label1\" content=\"Estimated reading time\" \/>\n\t<meta name=\"twitter:data1\" content=\"24 minutes\" \/>\n<script type=\"application\/ld+json\" class=\"yoast-schema-graph\">{\"@context\":\"https:\\\/\\\/schema.org\",\"@graph\":[{\"@type\":\"WebPage\",\"@id\":\"https:\\\/\\\/prasannaoommen.de\\\/moderation\",\"url\":\"https:\\\/\\\/prasannaoommen.de\\\/moderation\",\"name\":\"Moderation Prasanna Oommen - Moderating Change\",\"isPartOf\":{\"@id\":\"https:\\\/\\\/prasannaoommen.de\\\/#website\"},\"primaryImageOfPage\":{\"@id\":\"https:\\\/\\\/prasannaoommen.de\\\/moderation#primaryimage\"},\"image\":{\"@id\":\"https:\\\/\\\/prasannaoommen.de\\\/moderation#primaryimage\"},\"thumbnailUrl\":\"https:\\\/\\\/prasannaoommen.de\\\/wp-content\\\/uploads\\\/2020\\\/03\\\/moderation_head.jpg\",\"datePublished\":\"2020-03-30T11:35:51+00:00\",\"dateModified\":\"2025-12-09T15:59:50+00:00\",\"description\":\"Ob strukturelle Prozesse oder Veranstaltungen in Kultur- & Bildungsinstitutionen. Prasanna Oommens Moderation f\u00fchrt Gespr\u00e4che einen Schritt weiter.\",\"breadcrumb\":{\"@id\":\"https:\\\/\\\/prasannaoommen.de\\\/moderation#breadcrumb\"},\"inLanguage\":\"en-GB\",\"potentialAction\":[{\"@type\":\"ReadAction\",\"target\":[\"https:\\\/\\\/prasannaoommen.de\\\/moderation\"]}]},{\"@type\":\"ImageObject\",\"inLanguage\":\"en-GB\",\"@id\":\"https:\\\/\\\/prasannaoommen.de\\\/moderation#primaryimage\",\"url\":\"https:\\\/\\\/prasannaoommen.de\\\/wp-content\\\/uploads\\\/2020\\\/03\\\/moderation_head.jpg\",\"contentUrl\":\"https:\\\/\\\/prasannaoommen.de\\\/wp-content\\\/uploads\\\/2020\\\/03\\\/moderation_head.jpg\",\"width\":2000,\"height\":550,\"caption\":\"Prasanna Oommen Moderation\"},{\"@type\":\"BreadcrumbList\",\"@id\":\"https:\\\/\\\/prasannaoommen.de\\\/moderation#breadcrumb\",\"itemListElement\":[{\"@type\":\"ListItem\",\"position\":1,\"name\":\"Startseite\",\"item\":\"https:\\\/\\\/prasannaoommen.de\\\/\"},{\"@type\":\"ListItem\",\"position\":2,\"name\":\"Moderation f\u00fchrt Gespr\u00e4che einen Schritt weiter.\"}]},{\"@type\":\"WebSite\",\"@id\":\"https:\\\/\\\/prasannaoommen.de\\\/#website\",\"url\":\"https:\\\/\\\/prasannaoommen.de\\\/\",\"name\":\"Prasanna Oommen\",\"description\":\"moderating change\",\"publisher\":{\"@id\":\"https:\\\/\\\/prasannaoommen.de\\\/#organization\"},\"potentialAction\":[{\"@type\":\"SearchAction\",\"target\":{\"@type\":\"EntryPoint\",\"urlTemplate\":\"https:\\\/\\\/prasannaoommen.de\\\/?s={search_term_string}\"},\"query-input\":{\"@type\":\"PropertyValueSpecification\",\"valueRequired\":true,\"valueName\":\"search_term_string\"}}],\"inLanguage\":\"en-GB\"},{\"@type\":\"Organization\",\"@id\":\"https:\\\/\\\/prasannaoommen.de\\\/#organization\",\"name\":\"Prasanna Oommen\",\"url\":\"https:\\\/\\\/prasannaoommen.de\\\/\",\"logo\":{\"@type\":\"ImageObject\",\"inLanguage\":\"en-GB\",\"@id\":\"https:\\\/\\\/prasannaoommen.de\\\/#\\\/schema\\\/logo\\\/image\\\/\",\"url\":\"https:\\\/\\\/prasannaoommen.de\\\/wp-content\\\/uploads\\\/2020\\\/12\\\/prasanna_oommen_logo_sw.png\",\"contentUrl\":\"https:\\\/\\\/prasannaoommen.de\\\/wp-content\\\/uploads\\\/2020\\\/12\\\/prasanna_oommen_logo_sw.png\",\"width\":617,\"height\":114,\"caption\":\"Prasanna Oommen\"},\"image\":{\"@id\":\"https:\\\/\\\/prasannaoommen.de\\\/#\\\/schema\\\/logo\\\/image\\\/\"}}]}<\/script>\n<!-- \/ Yoast SEO plugin. -->","yoast_head_json":{"title":"Moderation Prasanna Oommen - Moderating Change","description":"Ob strukturelle Prozesse oder Veranstaltungen in Kultur- & Bildungsinstitutionen. Prasanna Oommens Moderation f\u00fchrt Gespr\u00e4che einen Schritt weiter.","robots":{"index":"index","follow":"follow","max-snippet":"max-snippet:-1","max-image-preview":"max-image-preview:large","max-video-preview":"max-video-preview:-1"},"canonical":"https:\/\/prasannaoommen.de\/en\/moderation\/","og_locale":"en_GB","og_type":"article","og_title":"Moderation Prasanna Oommen - Moderating Change","og_description":"Ob strukturelle Prozesse oder Veranstaltungen in Kultur- & Bildungsinstitutionen. Prasanna Oommens Moderation f\u00fchrt Gespr\u00e4che einen Schritt weiter.","og_url":"https:\/\/prasannaoommen.de\/en\/moderation\/","og_site_name":"Prasanna Oommen","article_modified_time":"2025-12-09T15:59:50+00:00","og_image":[{"width":2000,"height":550,"url":"https:\/\/prasannaoommen.de\/wp-content\/uploads\/2020\/03\/moderation_head.jpg","type":"image\/jpeg"}],"twitter_card":"summary_large_image","twitter_misc":{"Estimated reading time":"24 minutes"},"schema":{"@context":"https:\/\/schema.org","@graph":[{"@type":"WebPage","@id":"https:\/\/prasannaoommen.de\/moderation","url":"https:\/\/prasannaoommen.de\/moderation","name":"Moderation Prasanna Oommen - Moderating Change","isPartOf":{"@id":"https:\/\/prasannaoommen.de\/#website"},"primaryImageOfPage":{"@id":"https:\/\/prasannaoommen.de\/moderation#primaryimage"},"image":{"@id":"https:\/\/prasannaoommen.de\/moderation#primaryimage"},"thumbnailUrl":"https:\/\/prasannaoommen.de\/wp-content\/uploads\/2020\/03\/moderation_head.jpg","datePublished":"2020-03-30T11:35:51+00:00","dateModified":"2025-12-09T15:59:50+00:00","description":"Ob strukturelle Prozesse oder Veranstaltungen in Kultur- & Bildungsinstitutionen. Prasanna Oommens Moderation f\u00fchrt Gespr\u00e4che einen Schritt weiter.","breadcrumb":{"@id":"https:\/\/prasannaoommen.de\/moderation#breadcrumb"},"inLanguage":"en-GB","potentialAction":[{"@type":"ReadAction","target":["https:\/\/prasannaoommen.de\/moderation"]}]},{"@type":"ImageObject","inLanguage":"en-GB","@id":"https:\/\/prasannaoommen.de\/moderation#primaryimage","url":"https:\/\/prasannaoommen.de\/wp-content\/uploads\/2020\/03\/moderation_head.jpg","contentUrl":"https:\/\/prasannaoommen.de\/wp-content\/uploads\/2020\/03\/moderation_head.jpg","width":2000,"height":550,"caption":"Prasanna Oommen Moderation"},{"@type":"BreadcrumbList","@id":"https:\/\/prasannaoommen.de\/moderation#breadcrumb","itemListElement":[{"@type":"ListItem","position":1,"name":"Startseite","item":"https:\/\/prasannaoommen.de\/"},{"@type":"ListItem","position":2,"name":"Moderation f\u00fchrt Gespr\u00e4che einen Schritt weiter."}]},{"@type":"WebSite","@id":"https:\/\/prasannaoommen.de\/#website","url":"https:\/\/prasannaoommen.de\/","name":"Prasanna Oommen","description":"moderating change","publisher":{"@id":"https:\/\/prasannaoommen.de\/#organization"},"potentialAction":[{"@type":"SearchAction","target":{"@type":"EntryPoint","urlTemplate":"https:\/\/prasannaoommen.de\/?s={search_term_string}"},"query-input":{"@type":"PropertyValueSpecification","valueRequired":true,"valueName":"search_term_string"}}],"inLanguage":"en-GB"},{"@type":"Organization","@id":"https:\/\/prasannaoommen.de\/#organization","name":"Prasanna Oommen","url":"https:\/\/prasannaoommen.de\/","logo":{"@type":"ImageObject","inLanguage":"en-GB","@id":"https:\/\/prasannaoommen.de\/#\/schema\/logo\/image\/","url":"https:\/\/prasannaoommen.de\/wp-content\/uploads\/2020\/12\/prasanna_oommen_logo_sw.png","contentUrl":"https:\/\/prasannaoommen.de\/wp-content\/uploads\/2020\/12\/prasanna_oommen_logo_sw.png","width":617,"height":114,"caption":"Prasanna Oommen"},"image":{"@id":"https:\/\/prasannaoommen.de\/#\/schema\/logo\/image\/"}}]}},"_links":{"self":[{"href":"https:\/\/prasannaoommen.de\/en\/wp-json\/wp\/v2\/pages\/33","targetHints":{"allow":["GET"]}}],"collection":[{"href":"https:\/\/prasannaoommen.de\/en\/wp-json\/wp\/v2\/pages"}],"about":[{"href":"https:\/\/prasannaoommen.de\/en\/wp-json\/wp\/v2\/types\/page"}],"author":[{"embeddable":true,"href":"https:\/\/prasannaoommen.de\/en\/wp-json\/wp\/v2\/users\/1"}],"replies":[{"embeddable":true,"href":"https:\/\/prasannaoommen.de\/en\/wp-json\/wp\/v2\/comments?post=33"}],"version-history":[{"count":209,"href":"https:\/\/prasannaoommen.de\/en\/wp-json\/wp\/v2\/pages\/33\/revisions"}],"predecessor-version":[{"id":3612,"href":"https:\/\/prasannaoommen.de\/en\/wp-json\/wp\/v2\/pages\/33\/revisions\/3612"}],"wp:featuredmedia":[{"embeddable":true,"href":"https:\/\/prasannaoommen.de\/en\/wp-json\/wp\/v2\/media\/104"}],"wp:attachment":[{"href":"https:\/\/prasannaoommen.de\/en\/wp-json\/wp\/v2\/media?parent=33"}],"curies":[{"name":"wp","href":"https:\/\/api.w.org\/{rel}","templated":true}]}}